{"id":17,"date":"2023-02-22T17:33:08","date_gmt":"2023-02-22T16:33:08","guid":{"rendered":"https:\/\/www.ucimekvalitne.cz\/2023\/?page_id=17"},"modified":"2023-07-14T10:00:18","modified_gmt":"2023-07-14T08:00:18","slug":"uvodni-stranka","status":"publish","type":"page","link":"https:\/\/www.ucimekvalitne.cz\/2023\/","title":{"rendered":"\u00davodn\u00ed str\u00e1nka"},"content":{"rendered":"<p>[et_pb_section fb_built=&#8220;1&#8243; module_id=&#8220;uvod&#8220; _builder_version=&#8220;4.20.0&#8243; _module_preset=&#8220;default&#8220; custom_padding=&#8220;||4px|||&#8220; global_colors_info=&#8220;{}&#8220;][et_pb_row column_structure=&#8220;1_3,2_3&#8243; _builder_version=&#8220;4.20.0&#8243; _module_preset=&#8220;default&#8220; max_width=&#8220;1400px&#8220; custom_padding=&#8220;0px||0px||true|false&#8220; global_colors_info=&#8220;{}&#8220;][et_pb_column type=&#8220;1_3&#8243; _builder_version=&#8220;4.20.0&#8243; _module_preset=&#8220;default&#8220; global_colors_info=&#8220;{}&#8220;][et_pb_text _builder_version=&#8220;4.20.2&#8243; _module_preset=&#8220;default&#8220; header_font=&#8220;Axiforma|700|||||||&#8220; header_text_align=&#8220;left&#8220; header_text_color=&#8220;#1A437E&#8220; header_font_size=&#8220;1.8rem&#8220; header_line_height=&#8220;1.3em&#8220; custom_margin=&#8220;||0px||false|false&#8220; custom_padding=&#8220;||||false|false&#8220; global_colors_info=&#8220;{}&#8220;]<\/p>\n<h1>11. ro\u010dn\u00edk konference<\/h1>\n<p>[\/et_pb_text][et_pb_text _builder_version=&#8220;4.20.2&#8243; _module_preset=&#8220;default&#8220; text_font=&#8220;Axiforma||||||||&#8220; text_font_size=&#8220;12px&#8220; header_font=&#8220;Axiforma||||||||&#8220; header_2_font=&#8220;Axiforma|700|||||||&#8220; header_2_text_align=&#8220;left&#8220; header_2_text_color=&#8220;#1A437E&#8220; header_2_font_size=&#8220;3.6rem&#8220; header_2_line_height=&#8220;0.9em&#8220; custom_margin=&#8220;||15px||false|false&#8220; header_2_font_size_tablet=&#8220;3.9rem&#8220; header_2_font_size_phone=&#8220;3.5rem&#8220; header_2_font_size_last_edited=&#8220;on|phone&#8220; header_2_line_height_tablet=&#8220;0.9em&#8220; header_2_line_height_phone=&#8220;0.8em&#8220; header_2_line_height_last_edited=&#8220;on|phone&#8220; global_colors_info=&#8220;{}&#8220;]<\/p>\n<h2>\u00dasp\u011bch<\/h2>\n<h2>pro ka\u017ed\u00e9ho<\/h2>\n<h2>\u017e\u00e1ka 2023<\/h2>\n<p>[\/et_pb_text][et_pb_text _builder_version=&#8220;4.20.2&#8243; _module_preset=&#8220;default&#8220; text_font=&#8220;Axiforma||||||||&#8220; text_font_size=&#8220;12px&#8220; header_font=&#8220;Axiforma||||||||&#8220; header_3_font=&#8220;Axiforma|600|||||||&#8220; header_3_text_align=&#8220;left&#8220; header_3_text_color=&#8220;#EF8192&#8243; header_3_font_size=&#8220;2.5rem&#8220; header_3_line_height=&#8220;0.8em&#8220; custom_margin=&#8220;||-20px||false|false&#8220; global_colors_info=&#8220;{}&#8220;]<\/p>\n<h3>\u010cemu v\u011b\u0159\u00edme<\/h3>\n<h3>ve vzd\u011bl\u00e1v\u00e1n\u00ed<\/h3>\n<p>[\/et_pb_text][et_pb_text _builder_version=&#8220;4.20.2&#8243; _module_preset=&#8220;default&#8220; text_font=&#8220;Axiforma||||||||&#8220; text_font_size=&#8220;12px&#8220; header_font=&#8220;Axiforma||||||||&#8220; header_3_font=&#8220;Barlow|600|||||||&#8220; header_3_text_align=&#8220;left&#8220; header_3_text_color=&#8220;#1A437E&#8220; header_3_font_size=&#8220;1.9rem&#8220; custom_margin=&#8220;25px||0px||false|false&#8220; custom_padding=&#8220;||||false|false&#8220; global_colors_info=&#8220;{}&#8220;]<\/p>\n<h3>25. dubna 2023<\/h3>\n<p>[\/et_pb_text][et_pb_text _builder_version=&#8220;4.20.2&#8243; _module_preset=&#8220;default&#8220; text_font=&#8220;Axiforma||||||||&#8220; text_font_size=&#8220;12px&#8220; header_font=&#8220;Axiforma||||||||&#8220; header_3_font=&#8220;Barlow|600|||||||&#8220; header_3_text_align=&#8220;left&#8220; header_3_text_color=&#8220;#EF8192&#8243; header_3_font_size=&#8220;1.7rem&#8220; custom_margin=&#8220;||0px||false|false&#8220; global_colors_info=&#8220;{}&#8220;]<\/p>\n<h3>Praha \/ Centrum sou\u010dasn\u00e9ho um\u011bn\u00ed DOX\u00a0 a ONLINE<\/h3>\n<p>[\/et_pb_text][et_pb_text _builder_version=&#8220;4.20.0&#8243; _module_preset=&#8220;default&#8220; header_3_font=&#8220;Barlow|600|||||||&#8220; header_3_text_align=&#8220;left&#8220; header_3_text_color=&#8220;#EF8192&#8243; header_3_font_size=&#8220;1.7rem&#8220; custom_margin=&#8220;||0px||false|false&#8220; global_colors_info=&#8220;{}&#8220;][\/et_pb_text][\/et_pb_column][et_pb_column type=&#8220;2_3&#8243; _builder_version=&#8220;4.20.0&#8243; _module_preset=&#8220;default&#8220; global_colors_info=&#8220;{}&#8220;][et_pb_image src=&#8220;https:\/\/www.ucimekvalitne.cz\/2023\/wp-content\/uploads\/2023\/02\/UPKZ_konference2023_ilustrace_hlavni.png&#8220; align=&#8220;center&#8220; _builder_version=&#8220;4.20.0&#8243; _module_preset=&#8220;default&#8220; global_colors_info=&#8220;{}&#8220;][\/et_pb_image][\/et_pb_column][\/et_pb_row][et_pb_row column_structure=&#8220;1_2,1_2&#8243; use_custom_gutter=&#8220;on&#8220; gutter_width=&#8220;1&#8243; disabled_on=&#8220;on|on|on&#8220; _builder_version=&#8220;4.20.4&#8243; _module_preset=&#8220;default&#8220; max_width=&#8220;1400px&#8220; custom_margin=&#8220;||||false|false&#8220; disabled=&#8220;on&#8220; global_colors_info=&#8220;{}&#8220;][et_pb_column type=&#8220;1_2&#8243; _builder_version=&#8220;4.20.0&#8243; _module_preset=&#8220;default&#8220; global_colors_info=&#8220;{}&#8220;][et_pb_button url_new_window=&#8220;on&#8220; button_text=&#8220;Na\u017eivo &#8211; vyprod\u00e1no&#8220; button_alignment=&#8220;right&#8220; _builder_version=&#8220;4.20.4&#8243; _module_preset=&#8220;default&#8220; custom_button=&#8220;on&#8220; button_text_size=&#8220;1.5rem&#8220; button_text_color=&#8220;#EF8192&#8243; button_bg_color=&#8220;#1A437E&#8220; button_border_width=&#8220;0px&#8220; button_border_radius=&#8220;25px&#8220; button_font=&#8220;Axiforma|700|||||||&#8220; button_use_icon=&#8220;off&#8220; custom_margin=&#8220;|4vw|0px||false|false&#8220; custom_padding=&#8220;7px|||||&#8220; global_colors_info=&#8220;{}&#8220; button_bg_color__hover_enabled=&#8220;on|hover&#8220; button_bg_color__hover=&#8220;#EF8192&#8243; button_bg_enable_color__hover=&#8220;on&#8220; button_text_color__hover_enabled=&#8220;on|hover&#8220; button_text_color__hover=&#8220;#1A437E&#8220;][\/et_pb_button][et_pb_divider color=&#8220;#1A437E&#8220; divider_position=&#8220;center&#8220; _builder_version=&#8220;4.20.0&#8243; _module_preset=&#8220;default&#8220; z_index=&#8220;-1&#8243; custom_margin=&#8220;-2.5vw||0px||false|false&#8220; custom_padding=&#8220;0px||0px||true|false&#8220; global_colors_info=&#8220;{}&#8220;][\/et_pb_divider][\/et_pb_column][et_pb_column type=&#8220;1_2&#8243; _builder_version=&#8220;4.20.0&#8243; _module_preset=&#8220;default&#8220; global_colors_info=&#8220;{}&#8220;][et_pb_button url_new_window=&#8220;on&#8220; button_text=&#8220;Registrace online&#8220; button_alignment=&#8220;left&#8220; _builder_version=&#8220;4.20.4&#8243; _module_preset=&#8220;default&#8220; custom_button=&#8220;on&#8220; button_text_size=&#8220;1.5rem&#8220; button_text_color=&#8220;#EF8192&#8243; button_bg_color=&#8220;#1A437E&#8220; button_border_width=&#8220;0px&#8220; button_border_radius=&#8220;25px&#8220; button_font=&#8220;Axiforma|700|||||||&#8220; button_use_icon=&#8220;off&#8220; custom_margin=&#8220;||0px|4vw|false|false&#8220; global_colors_info=&#8220;{}&#8220; button_bg_color__hover_enabled=&#8220;on|hover&#8220; button_bg_color__hover=&#8220;#EF8192&#8243; button_bg_enable_color__hover=&#8220;on&#8220; button_text_color__hover_enabled=&#8220;on|hover&#8220; button_text_color__hover=&#8220;#1A437E&#8220;][\/et_pb_button][et_pb_divider color=&#8220;#1A437E&#8220; divider_position=&#8220;center&#8220; _builder_version=&#8220;4.20.0&#8243; _module_preset=&#8220;default&#8220; z_index=&#8220;-1&#8243; custom_margin=&#8220;-2.5vw||0px||false|false&#8220; custom_padding=&#8220;0px||0px||true|false&#8220; global_colors_info=&#8220;{}&#8220;][\/et_pb_divider][\/et_pb_column][\/et_pb_row][et_pb_row disabled_on=&#8220;on|on|on&#8220; _builder_version=&#8220;4.20.4&#8243; _module_preset=&#8220;default&#8220; disabled=&#8220;on&#8220; global_colors_info=&#8220;{}&#8220;][et_pb_column type=&#8220;4_4&#8243; _builder_version=&#8220;4.20.0&#8243; _module_preset=&#8220;default&#8220; global_colors_info=&#8220;{}&#8220;][et_pb_text _builder_version=&#8220;4.20.2&#8243; _module_preset=&#8220;default&#8220; text_font=&#8220;Axiforma||||||||&#8220; text_text_color=&#8220;#1A437E&#8220; header_2_font=&#8220;Axiforma||||||||&#8220; header_2_text_align=&#8220;center&#8220; header_2_text_color=&#8220;#1A437E&#8220; global_colors_info=&#8220;{}&#8220;]<\/p>\n<h2>Do konference zb\u00fdv\u00e1:<\/h2>\n<p>[\/et_pb_text][\/et_pb_column][\/et_pb_row][et_pb_row disabled_on=&#8220;on|on|on&#8220; _builder_version=&#8220;4.20.4&#8243; _module_preset=&#8220;default&#8220; max_width=&#8220;1440px&#8220; disabled=&#8220;on&#8220; global_colors_info=&#8220;{}&#8220;][et_pb_column type=&#8220;4_4&#8243; _builder_version=&#8220;4.20.4&#8243; _module_preset=&#8220;default&#8220; global_colors_info=&#8220;{}&#8220;][et_pb_countdown_timer date_time=&#8220;2023-04-26 09:00&#8243; _builder_version=&#8220;4.20.4&#8243; _module_preset=&#8220;default&#8220; numbers_text_align=&#8220;center&#8220; numbers_text_color=&#8220;#EF8192&#8243; separator_text_color=&#8220;#1A437E&#8220; label_text_align=&#8220;center&#8220; label_text_color=&#8220;#1A437E&#8220; background_color=&#8220;#FFFFFF&#8220; border_radii=&#8220;on|100px|100px|100px|100px&#8220; border_width_all=&#8220;1px&#8220; border_color_all=&#8220;#1A437E&#8220; global_colors_info=&#8220;{}&#8220;][\/et_pb_countdown_timer][\/et_pb_column][\/et_pb_row][\/et_pb_section][et_pb_section fb_built=&#8220;1&#8243; _builder_version=&#8220;4.20.4&#8243; _module_preset=&#8220;default&#8220; background_color=&#8220;#EF8192&#8243; custom_margin=&#8220;4vw||||false|false&#8220; custom_padding=&#8220;3vw||3vw||true|false&#8220; global_colors_info=&#8220;{}&#8220;][et_pb_row column_structure=&#8220;1_3,1_3,1_3&#8243; _builder_version=&#8220;4.20.0&#8243; _module_preset=&#8220;default&#8220; max_width=&#8220;1440px&#8220; global_colors_info=&#8220;{}&#8220;][et_pb_column type=&#8220;1_3&#8243; _builder_version=&#8220;4.20.0&#8243; _module_preset=&#8220;default&#8220; global_colors_info=&#8220;{}&#8220;][et_pb_text _builder_version=&#8220;4.20.2&#8243; _module_preset=&#8220;default&#8220; text_font=&#8220;Axiforma|200||on|||||&#8220; text_text_color=&#8220;#FFFFFF&#8220; text_font_size=&#8220;2.3rem&#8220; text_orientation=&#8220;center&#8220; background_layout=&#8220;dark&#8220; global_colors_info=&#8220;{}&#8220;]<\/p>\n<p>C\u00edl 1<\/p>\n<p>[\/et_pb_text][et_pb_text _builder_version=&#8220;4.20.2&#8243; _module_preset=&#8220;default&#8220; text_font=&#8220;Axiforma|600|||||||&#8220; text_text_color=&#8220;#1A437E&#8220; text_font_size=&#8220;1.1rem&#8220; text_orientation=&#8220;center&#8220; global_colors_info=&#8220;{}&#8220;]<\/p>\n<p>Reflektovat, na jak\u00fdch hodnot\u00e1ch, p\u0159esv\u011bd\u010den\u00edch a principech stoj\u00ed vzd\u011bl\u00e1v\u00e1n\u00ed v \u010desk\u00fdch \u0161kol\u00e1ch.<\/p>\n<p>[\/et_pb_text][\/et_pb_column][et_pb_column type=&#8220;1_3&#8243; _builder_version=&#8220;4.20.0&#8243; _module_preset=&#8220;default&#8220; global_colors_info=&#8220;{}&#8220;][et_pb_text _builder_version=&#8220;4.20.2&#8243; _module_preset=&#8220;default&#8220; text_font=&#8220;Axiforma|200||on|||||&#8220; text_text_color=&#8220;#FFFFFF&#8220; text_font_size=&#8220;2.3rem&#8220; text_orientation=&#8220;center&#8220; background_layout=&#8220;dark&#8220; global_colors_info=&#8220;{}&#8220;]<\/p>\n<p>C\u00edl 2<\/p>\n<p>[\/et_pb_text][et_pb_text _builder_version=&#8220;4.20.2&#8243; _module_preset=&#8220;default&#8220; text_font=&#8220;Axiforma|600|||||||&#8220; text_text_color=&#8220;#1A437E&#8220; text_font_size=&#8220;1.1rem&#8220; text_orientation=&#8220;center&#8220; global_colors_info=&#8220;{}&#8220;]<\/p>\n<p>Diskutovat o tom, \u010demu v\u0161ichni nap\u0159\u00ed\u010d vzd\u011bl\u00e1vac\u00edm syst\u00e9mem spole\u010dn\u011b v\u011b\u0159\u00edme a kde se v p\u0159esv\u011bd\u010den\u00edch rozch\u00e1z\u00edme.<\/p>\n<p>[\/et_pb_text][\/et_pb_column][et_pb_column type=&#8220;1_3&#8243; _builder_version=&#8220;4.20.0&#8243; _module_preset=&#8220;default&#8220; global_colors_info=&#8220;{}&#8220;][et_pb_text _builder_version=&#8220;4.20.2&#8243; _module_preset=&#8220;default&#8220; text_font=&#8220;Axiforma|200||on|||||&#8220; text_text_color=&#8220;#FFFFFF&#8220; text_font_size=&#8220;2.3rem&#8220; text_orientation=&#8220;center&#8220; background_layout=&#8220;dark&#8220; global_colors_info=&#8220;{}&#8220;]<\/p>\n<p>C\u00edl 3<\/p>\n<p>[\/et_pb_text][et_pb_text _builder_version=&#8220;4.20.2&#8243; _module_preset=&#8220;default&#8220; text_font=&#8220;Axiforma|600|||||||&#8220; text_text_color=&#8220;#1A437E&#8220; text_font_size=&#8220;1.1rem&#8220; text_orientation=&#8220;center&#8220; global_colors_info=&#8220;{}&#8220;]<\/p>\n<p>Porozum\u011bt, jak\u00fd to m\u00e1 vliv na na\u0161i ka\u017edodenn\u00ed pr\u00e1ci\/praxi a prom\u011bnu vzd\u011bl\u00e1v\u00e1n\u00ed.<\/p>\n<p>[\/et_pb_text][\/et_pb_column][\/et_pb_row][\/et_pb_section][et_pb_section fb_built=&#8220;1&#8243; _builder_version=&#8220;4.20.0&#8243; _module_preset=&#8220;default&#8220; custom_padding=&#8220;3vw||3vw||true|false&#8220; global_colors_info=&#8220;{}&#8220;][et_pb_row column_structure=&#8220;1_4,1_4,1_4,1_4&#8243; _builder_version=&#8220;4.20.2&#8243; _module_preset=&#8220;default&#8220; max_width=&#8220;1440px&#8220; custom_padding=&#8220;1vw||1vw||true|false&#8220; custom_css_main_element=&#8220;align-items:center;&#8220; global_colors_info=&#8220;{}&#8220;][et_pb_column type=&#8220;1_4&#8243; _builder_version=&#8220;4.20.0&#8243; _module_preset=&#8220;default&#8220; global_colors_info=&#8220;{}&#8220;][et_pb_image src=&#8220;https:\/\/www.ucimekvalitne.cz\/2023\/wp-content\/uploads\/2023\/02\/Ikona_Zahranicni-host.svg&#8220; align=&#8220;center&#8220; _builder_version=&#8220;4.20.2&#8243; _module_preset=&#8220;default&#8220; custom_margin=&#8220;||15px|||&#8220; custom_padding=&#8220;||23px|||&#8220; global_colors_info=&#8220;{}&#8220;][\/et_pb_image][et_pb_text _builder_version=&#8220;4.20.2&#8243; _module_preset=&#8220;default&#8220; text_font=&#8220;Axiforma||||||||&#8220; header_3_font=&#8220;Axiforma|600|||||||&#8220; header_3_text_align=&#8220;center&#8220; header_3_text_color=&#8220;#1A437E&#8220; header_3_font_size=&#8220;1.5rem&#8220; header_3_line_height=&#8220;1.2em&#8220; custom_margin=&#8220;||-6px||false|false&#8220; custom_padding=&#8220;||0px|||&#8220; global_colors_info=&#8220;{}&#8220;]<\/p>\n<h3>Zahrani\u010dn\u00ed hostka<\/h3>\n<p>[\/et_pb_text][et_pb_text _builder_version=&#8220;4.20.2&#8243; _module_preset=&#8220;default&#8220; text_font=&#8220;Axiforma|600|||||||&#8220; text_text_color=&#8220;#1A437E&#8220; text_font_size=&#8220;1.1rem&#8220; text_orientation=&#8220;center&#8220; global_colors_info=&#8220;{}&#8220;]<\/p>\n<p>Lucy Crehan p\u0159ilet\u00ed do Prahy, v pr\u016fb\u011bhu konference bude diskutovat i online.<\/p>\n<p>[\/et_pb_text][\/et_pb_column][et_pb_column type=&#8220;1_4&#8243; _builder_version=&#8220;4.20.0&#8243; _module_preset=&#8220;default&#8220; global_colors_info=&#8220;{}&#8220;][et_pb_image src=&#8220;https:\/\/www.ucimekvalitne.cz\/2023\/wp-content\/uploads\/2023\/02\/Ikona_Hybridni-konference.svg&#8220; align=&#8220;center&#8220; _builder_version=&#8220;4.20.2&#8243; _module_preset=&#8220;default&#8220; custom_margin=&#8220;||15px|||&#8220; global_colors_info=&#8220;{}&#8220;][\/et_pb_image][et_pb_text _builder_version=&#8220;4.20.2&#8243; _module_preset=&#8220;default&#8220; text_font=&#8220;Axiforma||||||||&#8220; header_3_font=&#8220;Axiforma|600|||||||&#8220; header_3_text_align=&#8220;center&#8220; header_3_text_color=&#8220;#1A437E&#8220; header_3_font_size=&#8220;1.5rem&#8220; header_3_line_height=&#8220;1.2em&#8220; custom_margin=&#8220;||-5px||false|false&#8220; custom_padding=&#8220;||0px|||&#8220; global_colors_info=&#8220;{}&#8220;]<\/p>\n<h3>Hybridn\u00ed konference<\/h3>\n<p>[\/et_pb_text][et_pb_text _builder_version=&#8220;4.20.2&#8243; _module_preset=&#8220;default&#8220; text_font=&#8220;Axiforma|600|||||||&#8220; text_text_color=&#8220;#1A437E&#8220; text_font_size=&#8220;1.1rem&#8220; text_orientation=&#8220;center&#8220; global_colors_info=&#8220;{}&#8220;]<\/p>\n<p>Celodenn\u00ed akce bude dostupn\u00e1 v\u0161em \u2013 prob\u011bhne na\u017eivo i online.<\/p>\n<p>[\/et_pb_text][\/et_pb_column][et_pb_column type=&#8220;1_4&#8243; _builder_version=&#8220;4.20.0&#8243; _module_preset=&#8220;default&#8220; global_colors_info=&#8220;{}&#8220;][et_pb_image src=&#8220;https:\/\/www.ucimekvalitne.cz\/2023\/wp-content\/uploads\/2023\/02\/Ikona_Preklad.svg&#8220; align=&#8220;center&#8220; _builder_version=&#8220;4.20.2&#8243; _module_preset=&#8220;default&#8220; custom_margin=&#8220;||15px|||&#8220; custom_padding=&#8220;||5px|||&#8220; global_colors_info=&#8220;{}&#8220;][\/et_pb_image][et_pb_text _builder_version=&#8220;4.20.2&#8243; _module_preset=&#8220;default&#8220; text_font=&#8220;Axiforma||||||||&#8220; header_3_font=&#8220;Axiforma|600|||||||&#8220; header_3_text_align=&#8220;center&#8220; header_3_text_color=&#8220;#1A437E&#8220; header_3_font_size=&#8220;1.5rem&#8220; header_3_line_height=&#8220;1.2em&#8220; custom_margin=&#8220;||29px||false|false&#8220; global_colors_info=&#8220;{}&#8220;]<\/p>\n<h3>P\u0159eklad<\/h3>\n<p>[\/et_pb_text][et_pb_text _builder_version=&#8220;4.20.2&#8243; _module_preset=&#8220;default&#8220; text_font=&#8220;Axiforma|600|||||||&#8220; text_text_color=&#8220;#1A437E&#8220; text_font_size=&#8220;1.1rem&#8220; text_orientation=&#8220;center&#8220; global_colors_info=&#8220;{}&#8220;]<\/p>\n<p>Anglick\u00e9 vstupy budou p\u0159ekl\u00e1d\u00e1ny simult\u00e1nn\u011b do \u010de\u0161tiny. Online setk\u00e1n\u00ed s Lucy Crehan bude otitulkov\u00e1no dodate\u010dn\u011b.<\/p>\n<p>[\/et_pb_text][\/et_pb_column][et_pb_column type=&#8220;1_4&#8243; _builder_version=&#8220;4.20.0&#8243; _module_preset=&#8220;default&#8220; global_colors_info=&#8220;{}&#8220;][et_pb_image src=&#8220;https:\/\/www.ucimekvalitne.cz\/2023\/wp-content\/uploads\/2023\/02\/Ikona_Vstupenky.svg&#8220; align=&#8220;center&#8220; _builder_version=&#8220;4.20.2&#8243; _module_preset=&#8220;default&#8220; custom_margin=&#8220;||15px|||&#8220; custom_padding=&#8220;||9px|||&#8220; global_colors_info=&#8220;{}&#8220;][\/et_pb_image][et_pb_text _builder_version=&#8220;4.20.2&#8243; _module_preset=&#8220;default&#8220; text_font=&#8220;Axiforma||||||||&#8220; header_3_font=&#8220;Axiforma|600|||||||&#8220; header_3_text_align=&#8220;center&#8220; header_3_text_color=&#8220;#1A437E&#8220; header_3_font_size=&#8220;1.5rem&#8220; header_3_line_height=&#8220;1.2em&#8220; custom_margin=&#8220;||29px||false|false&#8220; global_colors_info=&#8220;{}&#8220;]<\/p>\n<h3>Vstupenky<\/h3>\n<p>[\/et_pb_text][et_pb_text _builder_version=&#8220;4.20.2&#8243; _module_preset=&#8220;default&#8220; text_font=&#8220;Axiforma|600|||||||&#8220; text_text_color=&#8220;#1A437E&#8220; text_font_size=&#8220;1.1rem&#8220; text_orientation=&#8220;center&#8220; width=&#8220;100%&#8220; global_colors_info=&#8220;{}&#8220;]<\/p>\n<p>do 25. b\u0159ezna <span style=\"color: #ef8192;\">1 590 K\u010d<\/span><br \/>od 26. b\u0159ezna <span style=\"color: #ef8192;\">1 790 K\u010d <\/span><br \/>Online <span style=\"color: #ef8192;\">590 K\u010d<\/span><\/p>\n<p>[\/et_pb_text][\/et_pb_column][\/et_pb_row][\/et_pb_section][et_pb_section fb_built=&#8220;1&#8243; disabled_on=&#8220;off|off|off&#8220; module_id=&#8220;aktuality&#8220; _builder_version=&#8220;4.20.2&#8243; _module_preset=&#8220;default&#8220; background_color=&#8220;#1A437E&#8220; custom_padding=&#8220;0px||0px||true|false&#8220; global_colors_info=&#8220;{}&#8220;][et_pb_row column_structure=&#8220;1_2,1_2&#8243; make_equal=&#8220;on&#8220; _builder_version=&#8220;4.20.1&#8243; _module_preset=&#8220;default&#8220; max_width=&#8220;1440px&#8220; custom_css_main_element=&#8220;align-items:center;&#8220; global_colors_info=&#8220;{}&#8220;][et_pb_column type=&#8220;1_2&#8243; _builder_version=&#8220;4.20.0&#8243; _module_preset=&#8220;default&#8220; global_colors_info=&#8220;{}&#8220;][et_pb_text _builder_version=&#8220;4.20.2&#8243; _module_preset=&#8220;default&#8220; text_font=&#8220;Axiforma||||||||&#8220; header_font=&#8220;Axiforma||||||||&#8220; header_3_font=&#8220;Barlow|600|||||||&#8220; header_3_text_align=&#8220;left&#8220; header_3_text_color=&#8220;#FFFFFF&#8220; header_3_font_size=&#8220;1.6rem&#8220; custom_margin=&#8220;||15px||false|false&#8220; global_colors_info=&#8220;{}&#8220;]<\/p>\n<h3>Aktuality<\/h3>\n<p>[\/et_pb_text][\/et_pb_column][et_pb_column type=&#8220;1_2&#8243; _builder_version=&#8220;4.20.0&#8243; _module_preset=&#8220;default&#8220; global_colors_info=&#8220;{}&#8220;][et_pb_blurb title=&#8220;V\u0161echny aktuality&#8220; url=&#8220;@ET-DC@eyJkeW5hbWljIjp0cnVlLCJjb250ZW50IjoicG9zdF9saW5rX3VybF9wYWdlIiwic2V0dGluZ3MiOnsicG9zdF9pZCI6IjQ2MSJ9fQ==@&#8220; use_icon=&#8220;on&#8220; font_icon=&#8220;&#x3d;||divi||400&#8243; icon_color=&#8220;#EF8192&#8243; icon_placement=&#8220;left&#8220; image_icon_width=&#8220;50px&#8220; _builder_version=&#8220;4.20.4&#8243; _dynamic_attributes=&#8220;url&#8220; _module_preset=&#8220;default&#8220; header_font=&#8220;Axiforma||||||||&#8220; header_text_align=&#8220;left&#8220; header_text_color=&#8220;#FFFFFF&#8220; header_font_size=&#8220;1.7rem&#8220; header_line_height=&#8220;1.7em&#8220; global_colors_info=&#8220;{}&#8220;][\/et_pb_blurb][\/et_pb_column][\/et_pb_row][et_pb_row make_equal=&#8220;on&#8220; _builder_version=&#8220;4.20.4&#8243; _module_preset=&#8220;default&#8220; max_width=&#8220;1440px&#8220; custom_css_main_element=&#8220;align-items:center;&#8220; global_colors_info=&#8220;{}&#8220;][et_pb_column type=&#8220;4_4&#8243; _builder_version=&#8220;4.20.1&#8243; _module_preset=&#8220;default&#8220; global_colors_info=&#8220;{}&#8220;][et_pb_blog fullwidth=&#8220;off&#8220; include_categories=&#8220;all&#8220; meta_date=&#8220;d.m.Y&#8220; show_thumbnail=&#8220;off&#8220; excerpt_length=&#8220;150&#8243; show_author=&#8220;off&#8220; show_categories=&#8220;off&#8220; show_pagination=&#8220;off&#8220; masonry_tile_background_color=&#8220;RGBA(255,255,255,0)&#8220; _builder_version=&#8220;4.20.4&#8243; _module_preset=&#8220;default&#8220; header_font=&#8220;Axiforma|600|||||||&#8220; header_text_align=&#8220;left&#8220; header_text_color=&#8220;#FFFFFF&#8220; header_font_size=&#8220;1.3rem&#8220; header_line_height=&#8220;1.3em&#8220; body_font=&#8220;Axiforma||||||||&#8220; body_text_align=&#8220;left&#8220; body_text_color=&#8220;#FFFFFF&#8220; body_font_size=&#8220;1.1em&#8220; meta_font=&#8220;Axiforma||||||||&#8220; meta_text_align=&#8220;left&#8220; meta_text_color=&#8220;#EF8192&#8243; meta_font_size=&#8220;17px&#8220; read_more_font=&#8220;Axiforma||||||||&#8220; pagination_font=&#8220;Axiforma||||||||&#8220; border_radii=&#8220;on|10px|10px|10px|10px&#8220; border_width_all=&#8220;0px&#8220; global_colors_info=&#8220;{}&#8220;][\/et_pb_blog][\/et_pb_column][\/et_pb_row][\/et_pb_section][et_pb_section fb_built=&#8220;1&#8243; module_id=&#8220;program&#8220; _builder_version=&#8220;4.20.0&#8243; _module_preset=&#8220;default&#8220; custom_padding=&#8220;3vw||3vw||true|false&#8220; global_colors_info=&#8220;{}&#8220;][et_pb_row column_structure=&#8220;1_2,1_2&#8243; _builder_version=&#8220;4.20.0&#8243; _module_preset=&#8220;default&#8220; max_width=&#8220;1440px&#8220; custom_padding=&#8220;0px||0px||true|false&#8220; border_width_bottom=&#8220;5px&#8220; border_color_bottom=&#8220;#A6BCD0&#8243; global_colors_info=&#8220;{}&#8220;][et_pb_column type=&#8220;1_2&#8243; _builder_version=&#8220;4.20.0&#8243; _module_preset=&#8220;default&#8220; global_colors_info=&#8220;{}&#8220;][et_pb_text _builder_version=&#8220;4.20.2&#8243; _module_preset=&#8220;default&#8220; text_font=&#8220;Axiforma||||||||&#8220; header_3_font=&#8220;Axiforma|600|||||||&#8220; header_3_text_align=&#8220;left&#8220; header_3_text_color=&#8220;#1A437E&#8220; header_3_font_size=&#8220;1.6rem&#8220; custom_margin=&#8220;||15px||false|false&#8220; global_colors_info=&#8220;{}&#8220;]<\/p>\n<h3>Program konference<\/h3>\n<p>[\/et_pb_text][\/et_pb_column][et_pb_column type=&#8220;1_2&#8243; _builder_version=&#8220;4.20.0&#8243; _module_preset=&#8220;default&#8220; global_colors_info=&#8220;{}&#8220;][\/et_pb_column][\/et_pb_row][et_pb_row column_structure=&#8220;1_4,1_4,1_2&#8243; _builder_version=&#8220;4.20.0&#8243; _module_preset=&#8220;default&#8220; max_width=&#8220;1440px&#8220; border_width_bottom=&#8220;2px&#8220; border_color_bottom=&#8220;#A6BCD0&#8243; global_colors_info=&#8220;{}&#8220;][et_pb_column type=&#8220;1_4&#8243; _builder_version=&#8220;4.20.0&#8243; _module_preset=&#8220;default&#8220; global_colors_info=&#8220;{}&#8220;][\/et_pb_column][et_pb_column type=&#8220;1_4&#8243; _builder_version=&#8220;4.20.0&#8243; _module_preset=&#8220;default&#8220; global_colors_info=&#8220;{}&#8220;][et_pb_text _builder_version=&#8220;4.20.2&#8243; _module_preset=&#8220;default&#8220; text_font=&#8220;Axiforma|600|on||||||&#8220; text_text_color=&#8220;#1A437E&#8220; text_font_size=&#8220;1.1rem&#8220; global_colors_info=&#8220;{}&#8220;]<\/p>\n<p>Konferenci moderuj\u00ed<\/p>\n<p>[\/et_pb_text][\/et_pb_column][et_pb_column type=&#8220;1_2&#8243; _builder_version=&#8220;4.20.0&#8243; _module_preset=&#8220;default&#8220; global_colors_info=&#8220;{}&#8220;][et_pb_text _builder_version=&#8220;4.20.4&#8243; _module_preset=&#8220;default&#8220; text_font=&#8220;Axiforma||||||||&#8220; text_text_color=&#8220;#1A437E&#8220; text_font_size=&#8220;1.1rem&#8220; custom_margin=&#8220;||0px||false|false&#8220; global_colors_info=&#8220;{}&#8220;]<\/p>\n<p><strong>Petra Keprtov\u00e1<\/strong> \/ St\u00e1l\u00e1 konference asociac\u00ed ve vzd\u011bl\u00e1v\u00e1n\u00ed<\/p>\n<p>[\/et_pb_text][et_pb_text _builder_version=&#8220;4.20.2&#8243; _module_preset=&#8220;default&#8220; text_font=&#8220;Axiforma||||||||&#8220; text_text_color=&#8220;#1A437E&#8220; text_font_size=&#8220;1.1rem&#8220; custom_padding=&#8220;||0px||false|false&#8220; global_colors_info=&#8220;{}&#8220;]<\/p>\n<p><strong>V\u00edt\u011bzslav Sl\u00edva<\/strong> \/ Ministerstvo \u0161kolstv\u00ed, ml\u00e1de\u017ee a t\u011blov\u00fdchovy<\/p>\n<p>[\/et_pb_text][\/et_pb_column][\/et_pb_row][et_pb_row column_structure=&#8220;1_4,1_4,1_2&#8243; _builder_version=&#8220;4.20.0&#8243; _module_preset=&#8220;default&#8220; max_width=&#8220;1440px&#8220; border_width_bottom=&#8220;2px&#8220; border_color_bottom=&#8220;#A6BCD0&#8243; global_colors_info=&#8220;{}&#8220;][et_pb_column type=&#8220;1_4&#8243; _builder_version=&#8220;4.20.0&#8243; _module_preset=&#8220;default&#8220; global_colors_info=&#8220;{}&#8220;][et_pb_text _builder_version=&#8220;4.20.4&#8243; _module_preset=&#8220;default&#8220; text_font=&#8220;Axiforma|600|||||||&#8220; text_text_color=&#8220;#1A437E&#8220; text_font_size=&#8220;1.1rem&#8220; text_orientation=&#8220;center&#8220; global_colors_info=&#8220;{}&#8220;]<\/p>\n<p>08:45<\/p>\n<p>[\/et_pb_text][\/et_pb_column][et_pb_column type=&#8220;1_4&#8243; _builder_version=&#8220;4.20.0&#8243; _module_preset=&#8220;default&#8220; global_colors_info=&#8220;{}&#8220;][et_pb_text _builder_version=&#8220;4.20.4&#8243; _module_preset=&#8220;default&#8220; text_font=&#8220;Axiforma|600|on||||||&#8220; text_text_color=&#8220;#EF8192&#8243; text_font_size=&#8220;1.1rem&#8220; global_colors_info=&#8220;{}&#8220;]<\/p>\n<p>Otev\u0159en\u00ed registrace<\/p>\n<p>[\/et_pb_text][\/et_pb_column][et_pb_column type=&#8220;1_2&#8243; _builder_version=&#8220;4.20.0&#8243; _module_preset=&#8220;default&#8220; global_colors_info=&#8220;{}&#8220;][et_pb_text _builder_version=&#8220;4.20.4&#8243; _module_preset=&#8220;default&#8220; text_font=&#8220;Axiforma||||||||&#8220; text_text_color=&#8220;#1A437E&#8220; text_font_size=&#8220;1.1rem&#8220; global_colors_info=&#8220;{}&#8220;][\/et_pb_text][\/et_pb_column][\/et_pb_row][et_pb_row column_structure=&#8220;1_4,1_4,1_2&#8243; _builder_version=&#8220;4.20.0&#8243; _module_preset=&#8220;default&#8220; max_width=&#8220;1440px&#8220; border_width_bottom=&#8220;2px&#8220; border_color_bottom=&#8220;#A6BCD0&#8243; global_colors_info=&#8220;{}&#8220;][et_pb_column type=&#8220;1_4&#8243; _builder_version=&#8220;4.20.0&#8243; _module_preset=&#8220;default&#8220; global_colors_info=&#8220;{}&#8220;][et_pb_text _builder_version=&#8220;4.20.4&#8243; _module_preset=&#8220;default&#8220; text_font=&#8220;Axiforma|600|||||||&#8220; text_text_color=&#8220;#1A437E&#8220; text_font_size=&#8220;1.1rem&#8220; text_orientation=&#8220;center&#8220; global_colors_info=&#8220;{}&#8220;]<\/p>\n<p>09:30-09:50<\/p>\n<p>[\/et_pb_text][\/et_pb_column][et_pb_column type=&#8220;1_4&#8243; _builder_version=&#8220;4.20.0&#8243; _module_preset=&#8220;default&#8220; global_colors_info=&#8220;{}&#8220;][et_pb_text _builder_version=&#8220;4.20.4&#8243; _module_preset=&#8220;default&#8220; text_font=&#8220;Axiforma|600|on||||||&#8220; text_text_color=&#8220;#EF8192&#8243; text_font_size=&#8220;1.1rem&#8220; global_colors_info=&#8220;{}&#8220;]<\/p>\n<p>Zah\u00e1jen\u00ed a \u00favodn\u00ed slova<\/p>\n<p>[\/et_pb_text][\/et_pb_column][et_pb_column type=&#8220;1_2&#8243; _builder_version=&#8220;4.20.0&#8243; _module_preset=&#8220;default&#8220; global_colors_info=&#8220;{}&#8220;][et_pb_text _builder_version=&#8220;4.20.4&#8243; _module_preset=&#8220;default&#8220; text_font=&#8220;Axiforma||||||||&#8220; text_text_color=&#8220;#1A437E&#8220; text_font_size=&#8220;1.1rem&#8220; custom_padding=&#8220;||5px|||&#8220; global_colors_info=&#8220;{}&#8220;]<\/p>\n<p><strong>Martina B\u011b\u0165\u00e1kov\u00e1 \/ <\/strong>n\u00e1m\u011bstkyn\u011b ministra \u0161kolstv\u00ed, ml\u00e1de\u017ee a t\u011blov\u00fdchovy<\/p>\n<p>[\/et_pb_text][et_pb_text _builder_version=&#8220;4.20.4&#8243; _module_preset=&#8220;default&#8220; text_font=&#8220;Axiforma||||||||&#8220; text_text_color=&#8220;#1A437E&#8220; text_font_size=&#8220;1.1rem&#8220; min_height=&#8220;36.6px&#8220; custom_margin=&#8220;-26px|||||&#8220; global_colors_info=&#8220;{}&#8220;]<\/p>\n<p><strong>Kl\u00e1ra \u0160im\u00e1\u010dkov\u00e1 Lauren\u010d\u00edkov\u00e1 \/ <\/strong>vl\u00e1dn\u00ed zmocn\u011bnkyn\u011b pro lidsk\u00e1 pr\u00e1va (p\u0159edto\u010den\u00fd vstup)<\/p>\n<p>[\/et_pb_text][\/et_pb_column][\/et_pb_row][et_pb_row column_structure=&#8220;1_4,1_4,1_2&#8243; _builder_version=&#8220;4.20.0&#8243; _module_preset=&#8220;default&#8220; max_width=&#8220;1440px&#8220; border_width_bottom=&#8220;1px&#8220; border_color_bottom=&#8220;#1A437E&#8220; global_colors_info=&#8220;{}&#8220;][et_pb_column type=&#8220;1_4&#8243; _builder_version=&#8220;4.20.0&#8243; _module_preset=&#8220;default&#8220; global_colors_info=&#8220;{}&#8220;][et_pb_text _builder_version=&#8220;4.20.2&#8243; _module_preset=&#8220;default&#8220; text_font=&#8220;Axiforma|600|||||||&#8220; text_text_color=&#8220;#1A437E&#8220; text_font_size=&#8220;1.1rem&#8220; text_orientation=&#8220;center&#8220; global_colors_info=&#8220;{}&#8220;]<\/p>\n<p>09.50-11:00<\/p>\n<p>[\/et_pb_text][\/et_pb_column][et_pb_column type=&#8220;1_4&#8243; _builder_version=&#8220;4.20.0&#8243; _module_preset=&#8220;default&#8220; global_colors_info=&#8220;{}&#8220;][et_pb_text _builder_version=&#8220;4.20.4&#8243; _module_preset=&#8220;default&#8220; text_font=&#8220;Axiforma|600|on||||||&#8220; text_text_color=&#8220;#EF8192&#8243; text_font_size=&#8220;1.1rem&#8220; header_font=&#8220;Axiforma||||||||&#8220; header_text_color=&#8220;#EF8192&#8243; custom_margin=&#8220;||-1px|||&#8220; global_colors_info=&#8220;{}&#8220;]<\/p>\n<p>Panelov\u00e1 diskuze<\/p>\n<p>[\/et_pb_text][et_pb_text _builder_version=&#8220;4.20.4&#8243; _module_preset=&#8220;default&#8220; text_font=&#8220;Axiforma|600|on||||||&#8220; text_text_color=&#8220;#EF8192&#8243; text_font_size=&#8220;1.1rem&#8220; header_font=&#8220;Axiforma||||||||&#8220; header_text_color=&#8220;#EF8192&#8243; custom_margin=&#8220;||-1px|||&#8220; global_colors_info=&#8220;{}&#8220;]<\/p>\n<p>Hodnotov\u00e9 r\u00e1mce ve vzd\u011bl\u00e1vac\u00edm syst\u00e9mu<\/p>\n<p>[\/et_pb_text][et_pb_text _builder_version=&#8220;4.20.4&#8243; _module_preset=&#8220;default&#8220; text_font=&#8220;Axiforma||on||||||&#8220; text_text_color=&#8220;#1A437E&#8220; text_font_size=&#8220;1.1rem&#8220; header_font=&#8220;Axiforma||||||||&#8220; global_colors_info=&#8220;{}&#8220;]<\/p>\n<p><strong>Hana Ko\u0161\u0165\u00e1lov\u00e1<\/strong> \/ Pom\u00e1h\u00e1me \u0161kol\u00e1m k \u00fasp\u011bchu<\/p>\n<p>[\/et_pb_text][\/et_pb_column][et_pb_column type=&#8220;1_2&#8243; _builder_version=&#8220;4.20.0&#8243; _module_preset=&#8220;default&#8220; global_colors_info=&#8220;{}&#8220;][et_pb_text _builder_version=&#8220;4.20.4&#8243; _module_preset=&#8220;default&#8220; text_font=&#8220;Axiforma||||||||&#8220; text_text_color=&#8220;#1A437E&#8220; text_font_size=&#8220;1.1rem&#8220; min_height=&#8220;11.8px&#8220; custom_margin=&#8220;||3px|||&#8220; global_colors_info=&#8220;{}&#8220;]<\/p>\n<p><strong>Tom\u00e1\u0161 \u010caklo\u0161 \/ <\/strong>Otev\u0159eno<\/p>\n<p>[\/et_pb_text][et_pb_text _builder_version=&#8220;4.20.4&#8243; _module_preset=&#8220;default&#8220; text_font=&#8220;Axiforma||||||||&#8220; text_text_color=&#8220;#1A437E&#8220; text_font_size=&#8220;1.1rem&#8220; custom_padding=&#8220;||0px|||&#8220; global_colors_info=&#8220;{}&#8220;]<\/p>\n<p><strong>Petr Dani\u0161 \/ <\/strong>Tereza<\/p>\n<p>[\/et_pb_text][et_pb_text _builder_version=&#8220;4.20.4&#8243; _module_preset=&#8220;default&#8220; text_font=&#8220;Axiforma||||||||&#8220; text_text_color=&#8220;#1A437E&#8220; text_font_size=&#8220;1.1rem&#8220; custom_margin=&#8220;-22px|||||&#8220; custom_padding=&#8220;||0px|||&#8220; global_colors_info=&#8220;{}&#8220;]<\/p>\n<p><strong>Petra Keprtov\u00e1 \/ <\/strong>St\u00e1l\u00e1 konference asociac\u00ed ve vzd\u011bl\u00e1v\u00e1n\u00ed<\/p>\n<p>[\/et_pb_text][et_pb_text _builder_version=&#8220;4.20.4&#8243; _module_preset=&#8220;default&#8220; text_font=&#8220;Axiforma||||||||&#8220; text_text_color=&#8220;#1A437E&#8220; text_font_size=&#8220;1.1rem&#8220; custom_margin=&#8220;-22px|||||&#8220; custom_padding=&#8220;||0px|||&#8220; global_colors_info=&#8220;{}&#8220;]<\/p>\n<p><strong>Petra Mazancov\u00e1 \/ <\/strong>U\u010ditelsk\u00e1 platforma<\/p>\n<p>[\/et_pb_text][et_pb_text _builder_version=&#8220;4.20.4&#8243; _module_preset=&#8220;default&#8220; text_font=&#8220;Axiforma||||||||&#8220; text_text_color=&#8220;#1A437E&#8220; text_font_size=&#8220;1.1rem&#8220; custom_margin=&#8220;-22px|||||&#8220; custom_padding=&#8220;||0px|||&#8220; global_colors_info=&#8220;{}&#8220;]<\/p>\n<p><strong>Silvie P\u00fdchov\u00e1 \/ <\/strong>Partnerstv\u00ed pro vzd\u011bl\u00e1v\u00e1n\u00ed 2030+<\/p>\n<p>[\/et_pb_text][et_pb_text _builder_version=&#8220;4.20.4&#8243; _module_preset=&#8220;default&#8220; text_font=&#8220;Axiforma||||||||&#8220; text_text_color=&#8220;#1A437E&#8220; text_font_size=&#8220;1.1rem&#8220; custom_margin=&#8220;-22px|||||&#8220; custom_padding=&#8220;||0px|||&#8220; global_colors_info=&#8220;{}&#8220;]<\/p>\n<p><strong>Ludmila T\u0159e\u0161t\u00edkov\u00e1<\/strong><strong> \/ <\/strong>Ministerstvo \u0161kolstv\u00ed, ml\u00e1de\u017ee a t\u011blov\u00fdchovy<\/p>\n<p>[\/et_pb_text][et_pb_text _builder_version=&#8220;4.20.4&#8243; _module_preset=&#8220;default&#8220; text_font=&#8220;Axiforma||||||||&#8220; text_text_color=&#8220;#1A437E&#8220; text_font_size=&#8220;1.1rem&#8220; custom_margin=&#8220;-22px|||||&#8220; custom_padding=&#8220;||0px|||&#8220; global_colors_info=&#8220;{}&#8220;]<\/p>\n<p><strong>Kamil Ubr \/ <\/strong>N\u00e1rodn\u00ed pedagogick\u00fd institut<\/p>\n<p>[\/et_pb_text][\/et_pb_column][\/et_pb_row][et_pb_row column_structure=&#8220;1_4,1_4,1_2&#8243; _builder_version=&#8220;4.20.0&#8243; _module_preset=&#8220;default&#8220; max_width=&#8220;1440px&#8220; border_width_bottom=&#8220;2px&#8220; border_color_bottom=&#8220;#A6BCD0&#8243; global_colors_info=&#8220;{}&#8220;][et_pb_column type=&#8220;1_4&#8243; _builder_version=&#8220;4.20.0&#8243; _module_preset=&#8220;default&#8220; global_colors_info=&#8220;{}&#8220;][et_pb_text _builder_version=&#8220;4.20.2&#8243; _module_preset=&#8220;default&#8220; text_font=&#8220;Axiforma|600|||||||&#8220; text_text_color=&#8220;#1A437E&#8220; text_font_size=&#8220;1.1rem&#8220; text_orientation=&#8220;center&#8220; global_colors_info=&#8220;{}&#8220;]<\/p>\n<p>11:00-11:30<\/p>\n<p>[\/et_pb_text][\/et_pb_column][et_pb_column type=&#8220;1_4&#8243; _builder_version=&#8220;4.20.0&#8243; _module_preset=&#8220;default&#8220; global_colors_info=&#8220;{}&#8220;][et_pb_text _builder_version=&#8220;4.20.2&#8243; _module_preset=&#8220;default&#8220; text_font=&#8220;Axiforma|600|on||||||&#8220; text_text_color=&#8220;#1A437E&#8220; text_font_size=&#8220;1.1rem&#8220; global_colors_info=&#8220;{}&#8220;]<\/p>\n<p>P\u0159est\u00e1vka<\/p>\n<p>[\/et_pb_text][\/et_pb_column][et_pb_column type=&#8220;1_2&#8243; _builder_version=&#8220;4.20.0&#8243; _module_preset=&#8220;default&#8220; global_colors_info=&#8220;{}&#8220;][\/et_pb_column][\/et_pb_row][et_pb_row column_structure=&#8220;1_4,1_4,1_2&#8243; _builder_version=&#8220;4.20.0&#8243; _module_preset=&#8220;default&#8220; max_width=&#8220;1440px&#8220; border_width_bottom=&#8220;2px&#8220; border_color_bottom=&#8220;#A6BCD0&#8243; global_colors_info=&#8220;{}&#8220;][et_pb_column type=&#8220;1_4&#8243; _builder_version=&#8220;4.20.0&#8243; _module_preset=&#8220;default&#8220; global_colors_info=&#8220;{}&#8220;][et_pb_text _builder_version=&#8220;4.20.2&#8243; _module_preset=&#8220;default&#8220; text_font=&#8220;Axiforma|600|||||||&#8220; text_text_color=&#8220;#1A437E&#8220; text_font_size=&#8220;1.1rem&#8220; text_orientation=&#8220;center&#8220; global_colors_info=&#8220;{}&#8220;]<\/p>\n<p>11:30-12:30<\/p>\n<p>[\/et_pb_text][\/et_pb_column][et_pb_column type=&#8220;1_4&#8243; _builder_version=&#8220;4.20.0&#8243; _module_preset=&#8220;default&#8220; global_colors_info=&#8220;{}&#8220;][et_pb_text _builder_version=&#8220;4.20.2&#8243; _module_preset=&#8220;default&#8220; text_font=&#8220;Axiforma|600|on||||||&#8220; text_text_color=&#8220;#EF8192&#8243; text_font_size=&#8220;1.1rem&#8220; header_font=&#8220;Axiforma||||||||&#8220; global_colors_info=&#8220;{}&#8220;]<\/p>\n<p>(Ne)d\u016fv\u011bra v potenci\u00e1l ka\u017ed\u00e9ho \u017e\u00e1ka<\/p>\n<p>[\/et_pb_text][\/et_pb_column][et_pb_column type=&#8220;1_2&#8243; _builder_version=&#8220;4.20.0&#8243; _module_preset=&#8220;default&#8220; global_colors_info=&#8220;{}&#8220;][et_pb_text _builder_version=&#8220;4.20.4&#8243; _module_preset=&#8220;default&#8220; text_font=&#8220;Axiforma||||||||&#8220; text_text_color=&#8220;#1A437E&#8220; text_font_size=&#8220;1.1rem&#8220; custom_margin=&#8220;3px|||||&#8220; custom_padding=&#8220;0px||0px|||&#8220; global_colors_info=&#8220;{}&#8220;]<\/p>\n<p><strong>Irena Dvo\u0159\u00e1kov\u00e1<\/strong><\/p>\n<p>[\/et_pb_text][et_pb_text _builder_version=&#8220;4.20.4&#8243; _module_preset=&#8220;default&#8220; text_font=&#8220;Axiforma||||||||&#8220; text_text_color=&#8220;#1A437E&#8220; text_font_size=&#8220;1.1rem&#8220; custom_margin=&#8220;-22px|||||&#8220; custom_padding=&#8220;||0px|||&#8220; global_colors_info=&#8220;{}&#8220;]<\/p>\n<p><strong>Lenka Felcmanov\u00e1 \/ <\/strong>Society for All<\/p>\n<p>[\/et_pb_text][et_pb_text _builder_version=&#8220;4.20.4&#8243; _module_preset=&#8220;default&#8220; text_font=&#8220;Axiforma||||||||&#8220; text_text_color=&#8220;#1A437E&#8220; text_font_size=&#8220;1.1rem&#8220; custom_margin=&#8220;-22px|||||&#8220; custom_padding=&#8220;||0px|||&#8220; global_colors_info=&#8220;{}&#8220;]<\/p>\n<p><strong>Tom\u00e1\u0161 Habart \/ <\/strong>\u010clov\u011bk v t\u00edsni<\/p>\n<p>[\/et_pb_text][et_pb_text _builder_version=&#8220;4.20.4&#8243; _module_preset=&#8220;default&#8220; text_font=&#8220;Axiforma||||||||&#8220; text_text_color=&#8220;#1A437E&#8220; text_font_size=&#8220;1.1rem&#8220; custom_margin=&#8220;-22px|||||&#8220; custom_padding=&#8220;||0px|||&#8220; global_colors_info=&#8220;{}&#8220;]<\/p>\n<p><strong>Mark\u00e9ta Popel\u00e1\u0159ov\u00e1 \/ <\/strong>Otev\u0159eno, za\u010d\u00ednaj\u00edc\u00ed u\u010ditelka<\/p>\n<p>[\/et_pb_text][et_pb_text _builder_version=&#8220;4.20.4&#8243; _module_preset=&#8220;default&#8220; text_font=&#8220;Axiforma||||||||&#8220; text_text_color=&#8220;#1A437E&#8220; text_font_size=&#8220;1.1rem&#8220; custom_margin=&#8220;-22px|||||&#8220; custom_padding=&#8220;||0px|||&#8220; global_colors_info=&#8220;{}&#8220;]<\/p>\n<p><strong>Kl\u00e1ra Zaj\u00ed\u010dkov\u00e1 \/ <\/strong>STEM<\/p>\n<p>[\/et_pb_text][\/et_pb_column][\/et_pb_row][et_pb_row column_structure=&#8220;1_4,1_4,1_2&#8243; _builder_version=&#8220;4.20.0&#8243; _module_preset=&#8220;default&#8220; max_width=&#8220;1440px&#8220; border_width_bottom=&#8220;2px&#8220; border_color_bottom=&#8220;#A6BCD0&#8243; global_colors_info=&#8220;{}&#8220;][et_pb_column type=&#8220;1_4&#8243; _builder_version=&#8220;4.20.0&#8243; _module_preset=&#8220;default&#8220; global_colors_info=&#8220;{}&#8220;][et_pb_text _builder_version=&#8220;4.20.2&#8243; _module_preset=&#8220;default&#8220; text_font=&#8220;Axiforma|600|||||||&#8220; text_text_color=&#8220;#1A437E&#8220; text_font_size=&#8220;1.1rem&#8220; text_orientation=&#8220;center&#8220; global_colors_info=&#8220;{}&#8220;]<\/p>\n<p>12:30-12:45<\/p>\n<p>[\/et_pb_text][\/et_pb_column][et_pb_column type=&#8220;1_4&#8243; _builder_version=&#8220;4.20.0&#8243; _module_preset=&#8220;default&#8220; global_colors_info=&#8220;{}&#8220;][et_pb_text _builder_version=&#8220;4.20.4&#8243; _module_preset=&#8220;default&#8220; text_font=&#8220;Axiforma|600|on||||||&#8220; text_text_color=&#8220;#EF8192&#8243; text_font_size=&#8220;1.1rem&#8220; header_font=&#8220;Axiforma||||||||&#8220; global_colors_info=&#8220;{}&#8220;]<\/p>\n<p><em>Moderovan\u00e1 diskuze u kulat\u00fdch stol\u016f<\/em><\/p>\n<p>[\/et_pb_text][\/et_pb_column][et_pb_column type=&#8220;1_2&#8243; _builder_version=&#8220;4.20.0&#8243; _module_preset=&#8220;default&#8220; global_colors_info=&#8220;{}&#8220;][et_pb_text _builder_version=&#8220;4.20.4&#8243; _module_preset=&#8220;default&#8220; text_font=&#8220;Axiforma||||||||&#8220; text_text_color=&#8220;#1A437E&#8220; text_font_size=&#8220;1.1rem&#8220; custom_margin=&#8220;-1px|||||&#8220; custom_padding=&#8220;||0px|||&#8220; global_colors_info=&#8220;{}&#8220;]<\/p>\n<p><strong>Petra Keprtov\u00e1 \/ <\/strong>St\u00e1l\u00e1 konference asociac\u00ed ve vzd\u011bl\u00e1v\u00e1n\u00ed<\/p>\n<p>[\/et_pb_text][et_pb_text _builder_version=&#8220;4.20.4&#8243; _module_preset=&#8220;default&#8220; text_font=&#8220;Axiforma||||||||&#8220; text_text_color=&#8220;#1A437E&#8220; text_font_size=&#8220;1.1rem&#8220; custom_margin=&#8220;-22px|||||&#8220; custom_padding=&#8220;||0px|||&#8220; global_colors_info=&#8220;{}&#8220;]<\/p>\n<p><strong>V\u00edt\u011bzslav Sl\u00edva \/ <\/strong>Ministerstvo \u0161kolstv\u00ed, ml\u00e1de\u017ee a t\u011blov\u00fdchovy<\/p>\n<p>[\/et_pb_text][\/et_pb_column][\/et_pb_row][et_pb_row column_structure=&#8220;1_4,1_4,1_2&#8243; _builder_version=&#8220;4.20.0&#8243; _module_preset=&#8220;default&#8220; max_width=&#8220;1440px&#8220; border_width_bottom=&#8220;2px&#8220; border_color_bottom=&#8220;#A6BCD0&#8243; global_colors_info=&#8220;{}&#8220;][et_pb_column type=&#8220;1_4&#8243; _builder_version=&#8220;4.20.0&#8243; _module_preset=&#8220;default&#8220; global_colors_info=&#8220;{}&#8220;][et_pb_text _builder_version=&#8220;4.20.2&#8243; _module_preset=&#8220;default&#8220; text_font=&#8220;Axiforma|600|||||||&#8220; text_text_color=&#8220;#1A437E&#8220; text_font_size=&#8220;1.1rem&#8220; text_orientation=&#8220;center&#8220; global_colors_info=&#8220;{}&#8220;]<\/p>\n<p>12:45-13:45<\/p>\n<p>[\/et_pb_text][\/et_pb_column][et_pb_column type=&#8220;1_4&#8243; _builder_version=&#8220;4.20.0&#8243; _module_preset=&#8220;default&#8220; global_colors_info=&#8220;{}&#8220;][et_pb_text _builder_version=&#8220;4.20.2&#8243; _module_preset=&#8220;default&#8220; text_font=&#8220;Axiforma|600|on||||||&#8220; text_text_color=&#8220;#1A437E&#8220; text_font_size=&#8220;1.1rem&#8220; global_colors_info=&#8220;{}&#8220;]<\/p>\n<p>Ob\u011bd<\/p>\n<p>[\/et_pb_text][\/et_pb_column][et_pb_column type=&#8220;1_2&#8243; _builder_version=&#8220;4.20.0&#8243; _module_preset=&#8220;default&#8220; global_colors_info=&#8220;{}&#8220;][\/et_pb_column][\/et_pb_row][et_pb_row column_structure=&#8220;1_4,1_4,1_2&#8243; _builder_version=&#8220;4.20.0&#8243; _module_preset=&#8220;default&#8220; max_width=&#8220;1440px&#8220; border_width_bottom=&#8220;2px&#8220; border_color_bottom=&#8220;#A6BCD0&#8243; global_colors_info=&#8220;{}&#8220;][et_pb_column type=&#8220;1_4&#8243; _builder_version=&#8220;4.20.0&#8243; _module_preset=&#8220;default&#8220; global_colors_info=&#8220;{}&#8220;][et_pb_text _builder_version=&#8220;4.20.2&#8243; _module_preset=&#8220;default&#8220; text_font=&#8220;Axiforma|600|||||||&#8220; text_text_color=&#8220;#1A437E&#8220; text_font_size=&#8220;1.1rem&#8220; text_orientation=&#8220;center&#8220; global_colors_info=&#8220;{}&#8220;]<\/p>\n<p>13:45-14:45<\/p>\n<p>[\/et_pb_text][\/et_pb_column][et_pb_column type=&#8220;1_4&#8243; _builder_version=&#8220;4.20.0&#8243; _module_preset=&#8220;default&#8220; global_colors_info=&#8220;{}&#8220;][\/et_pb_column][et_pb_column type=&#8220;1_2&#8243; _builder_version=&#8220;4.20.0&#8243; _module_preset=&#8220;default&#8220; global_colors_info=&#8220;{}&#8220;][et_pb_text _builder_version=&#8220;4.20.2&#8243; _module_preset=&#8220;default&#8220; text_font=&#8220;Axiforma||||||||&#8220; text_text_color=&#8220;#1A437E&#8220; text_font_size=&#8220;1.1rem&#8220; custom_margin=&#8220;||0px||false|false&#8220; global_colors_info=&#8220;{}&#8220;]<\/p>\n<p>P\u0159\u00edsp\u011bvek Lucy Crehan<\/p>\n<p>[\/et_pb_text][\/et_pb_column][\/et_pb_row][et_pb_row column_structure=&#8220;1_4,1_4,1_2&#8243; _builder_version=&#8220;4.20.0&#8243; _module_preset=&#8220;default&#8220; max_width=&#8220;1440px&#8220; border_width_bottom=&#8220;2px&#8220; border_color_bottom=&#8220;#A6BCD0&#8243; global_colors_info=&#8220;{}&#8220;][et_pb_column type=&#8220;1_4&#8243; _builder_version=&#8220;4.20.0&#8243; _module_preset=&#8220;default&#8220; global_colors_info=&#8220;{}&#8220;][et_pb_text _builder_version=&#8220;4.20.2&#8243; _module_preset=&#8220;default&#8220; text_font=&#8220;Axiforma|600|||||||&#8220; text_text_color=&#8220;#1A437E&#8220; text_font_size=&#8220;1.1rem&#8220; text_orientation=&#8220;center&#8220; global_colors_info=&#8220;{}&#8220;]<\/p>\n<p>14:45-15:15<\/p>\n<p>[\/et_pb_text][\/et_pb_column][et_pb_column type=&#8220;1_4&#8243; _builder_version=&#8220;4.20.0&#8243; _module_preset=&#8220;default&#8220; global_colors_info=&#8220;{}&#8220;][et_pb_text _builder_version=&#8220;4.20.2&#8243; _module_preset=&#8220;default&#8220; text_font=&#8220;Axiforma|600|on||||||&#8220; text_text_color=&#8220;#1A437E&#8220; text_font_size=&#8220;1.1rem&#8220; custom_margin=&#8220;||0px||false|false&#8220; global_colors_info=&#8220;{}&#8220;]<\/p>\n<p>P\u0159est\u00e1vka<\/p>\n<p>[\/et_pb_text][\/et_pb_column][et_pb_column type=&#8220;1_2&#8243; _builder_version=&#8220;4.20.0&#8243; _module_preset=&#8220;default&#8220; global_colors_info=&#8220;{}&#8220;][\/et_pb_column][\/et_pb_row][et_pb_row column_structure=&#8220;1_4,1_4,1_4,1_4&#8243; _builder_version=&#8220;4.20.0&#8243; _module_preset=&#8220;default&#8220; max_width=&#8220;1440px&#8220; border_width_bottom=&#8220;2px&#8220; border_color_bottom=&#8220;#A6BCD0&#8243; global_colors_info=&#8220;{}&#8220;][et_pb_column type=&#8220;1_4&#8243; _builder_version=&#8220;4.20.0&#8243; _module_preset=&#8220;default&#8220; global_colors_info=&#8220;{}&#8220;][et_pb_text _builder_version=&#8220;4.20.2&#8243; _module_preset=&#8220;default&#8220; text_font=&#8220;Axiforma|600|||||||&#8220; text_text_color=&#8220;#1A437E&#8220; text_font_size=&#8220;1.1rem&#8220; text_orientation=&#8220;center&#8220; global_colors_info=&#8220;{}&#8220;]<\/p>\n<p>Program v s\u00e1le<br \/>15:15-16:45<\/p>\n<p>[\/et_pb_text][\/et_pb_column][et_pb_column type=&#8220;1_4&#8243; _builder_version=&#8220;4.20.0&#8243; _module_preset=&#8220;default&#8220; global_colors_info=&#8220;{}&#8220;][et_pb_text _builder_version=&#8220;4.20.2&#8243; _module_preset=&#8220;default&#8220; text_font=&#8220;Axiforma|600|on||||||&#8220; text_text_color=&#8220;#EF8192&#8243; text_font_size=&#8220;1.1rem&#8220; custom_margin=&#8220;||0px||false|false&#8220; global_colors_info=&#8220;{}&#8220;]<\/p>\n<p>Workshop Hodnotov\u00e9 vzd\u011bl\u00e1v\u00e1n\u00ed Cyril Mooney<\/p>\n<p>[\/et_pb_text][et_pb_text _builder_version=&#8220;4.20.2&#8243; _module_preset=&#8220;default&#8220; text_font=&#8220;Axiforma|600|on||||||&#8220; text_text_color=&#8220;#1A437E&#8220; text_font_size=&#8220;1.1rem&#8220; custom_margin=&#8220;||0px||false|false&#8220; global_colors_info=&#8220;{}&#8220;]<\/p>\n<p>Michaela Stoilov\u00e1<\/p>\n<p>[\/et_pb_text][et_pb_text _builder_version=&#8220;4.20.2&#8243; _module_preset=&#8220;default&#8220; text_font=&#8220;Axiforma|600|on||||||&#8220; text_text_color=&#8220;#1A437E&#8220; text_font_size=&#8220;1.1rem&#8220; custom_margin=&#8220;||0px||false|false&#8220; global_colors_info=&#8220;{}&#8220;]<\/p>\n<p>Dana H\u00e1dkov\u00e1<\/p>\n<p>[\/et_pb_text][\/et_pb_column][et_pb_column type=&#8220;1_4&#8243; _builder_version=&#8220;4.20.0&#8243; _module_preset=&#8220;default&#8220; global_colors_info=&#8220;{}&#8220;][et_pb_text _builder_version=&#8220;4.20.2&#8243; _module_preset=&#8220;default&#8220; text_font=&#8220;Axiforma|600|||||||&#8220; text_text_color=&#8220;#1A437E&#8220; text_font_size=&#8220;1.1rem&#8220; text_orientation=&#8220;center&#8220; global_colors_info=&#8220;{}&#8220;]<\/p>\n<p>Program online<\/p>\n<p>[\/et_pb_text][\/et_pb_column][et_pb_column type=&#8220;1_4&#8243; _builder_version=&#8220;4.20.0&#8243; _module_preset=&#8220;default&#8220; global_colors_info=&#8220;{}&#8220;][et_pb_text _builder_version=&#8220;4.20.2&#8243; _module_preset=&#8220;default&#8220; text_font=&#8220;Axiforma||||||||&#8220; text_text_color=&#8220;#1A437E&#8220; text_font_size=&#8220;1.1rem&#8220; custom_margin=&#8220;||0px||false|false&#8220; global_colors_info=&#8220;{}&#8220;]<\/p>\n<p>Diskuze s Lucy Crehan<\/p>\n<p>[\/et_pb_text][\/et_pb_column][\/et_pb_row][et_pb_row column_structure=&#8220;1_4,1_4,1_2&#8243; _builder_version=&#8220;4.20.0&#8243; _module_preset=&#8220;default&#8220; max_width=&#8220;1440px&#8220; border_width_bottom=&#8220;2px&#8220; border_color_bottom=&#8220;#A6BCD0&#8243; global_colors_info=&#8220;{}&#8220;][et_pb_column type=&#8220;1_4&#8243; _builder_version=&#8220;4.20.0&#8243; _module_preset=&#8220;default&#8220; global_colors_info=&#8220;{}&#8220;][et_pb_text _builder_version=&#8220;4.20.2&#8243; _module_preset=&#8220;default&#8220; text_font=&#8220;Axiforma|700|||||||&#8220; text_text_color=&#8220;#1A437E&#8220; text_font_size=&#8220;1.1rem&#8220; text_orientation=&#8220;center&#8220; global_colors_info=&#8220;{}&#8220;]<\/p>\n<p>16:45<\/p>\n<p>[\/et_pb_text][\/et_pb_column][et_pb_column type=&#8220;1_4&#8243; _builder_version=&#8220;4.20.0&#8243; _module_preset=&#8220;default&#8220; global_colors_info=&#8220;{}&#8220;][et_pb_text _builder_version=&#8220;4.20.2&#8243; _module_preset=&#8220;default&#8220; text_font=&#8220;Axiforma|600|on||||||&#8220; text_text_color=&#8220;#EF8192&#8243; text_font_size=&#8220;1.1rem&#8220; custom_margin=&#8220;||0px||false|false&#8220; global_colors_info=&#8220;{}&#8220;]<\/p>\n<p>Z\u00e1v\u011br a neform\u00e1ln\u00ed networking<\/p>\n<p>[\/et_pb_text][\/et_pb_column][et_pb_column type=&#8220;1_2&#8243; _builder_version=&#8220;4.20.0&#8243; _module_preset=&#8220;default&#8220; global_colors_info=&#8220;{}&#8220;][\/et_pb_column][\/et_pb_row][\/et_pb_section][et_pb_section fb_built=&#8220;1&#8243; module_id=&#8220;vystupujici&#8220; _builder_version=&#8220;4.20.1&#8243; _module_preset=&#8220;default&#8220; custom_padding=&#8220;2vw||2vw||true|false&#8220; global_colors_info=&#8220;{}&#8220;][et_pb_row column_structure=&#8220;1_2,1_2&#8243; _builder_version=&#8220;4.20.0&#8243; _module_preset=&#8220;default&#8220; max_width=&#8220;1440px&#8220; custom_padding=&#8220;0px||0px||true|false&#8220; border_width_bottom=&#8220;5px&#8220; border_color_bottom=&#8220;#A6BCD0&#8243; global_colors_info=&#8220;{}&#8220;][et_pb_column type=&#8220;1_2&#8243; _builder_version=&#8220;4.20.0&#8243; _module_preset=&#8220;default&#8220; global_colors_info=&#8220;{}&#8220;][et_pb_text _builder_version=&#8220;4.20.2&#8243; _module_preset=&#8220;default&#8220; header_3_font=&#8220;Axiforma|600|||||||&#8220; header_3_text_align=&#8220;left&#8220; header_3_text_color=&#8220;#1A437E&#8220; header_3_font_size=&#8220;1.6rem&#8220; custom_margin=&#8220;||15px||false|false&#8220; global_colors_info=&#8220;{}&#8220;]<\/p>\n<h3>Vystupuj\u00edc\u00ed<\/h3>\n<p>[\/et_pb_text][\/et_pb_column][et_pb_column type=&#8220;1_2&#8243; _builder_version=&#8220;4.20.0&#8243; _module_preset=&#8220;default&#8220; global_colors_info=&#8220;{}&#8220;][\/et_pb_column][\/et_pb_row][et_pb_row column_structure=&#8220;1_4,1_4,1_4,1_4&#8243; use_custom_gutter=&#8220;on&#8220; gutter_width=&#8220;2&#8243; make_equal=&#8220;on&#8220; _builder_version=&#8220;4.20.0&#8243; _module_preset=&#8220;default&#8220; max_width=&#8220;1440px&#8220; global_colors_info=&#8220;{}&#8220;][et_pb_column type=&#8220;1_4&#8243; _builder_version=&#8220;4.20.0&#8243; _module_preset=&#8220;default&#8220; global_colors_info=&#8220;{}&#8220;][et_pb_image src=&#8220;https:\/\/www.ucimekvalitne.cz\/2023\/wp-content\/uploads\/2023\/03\/Crehan-Lucy.png&#8220; align=&#8220;center&#8220; _builder_version=&#8220;4.20.2&#8243; _module_preset=&#8220;default&#8220; global_colors_info=&#8220;{}&#8220; src__hover_enabled=&#8220;on|hover&#8220; src__hover=&#8220;https:\/\/www.ucimekvalitne.cz\/2023\/wp-content\/uploads\/2023\/03\/Crehan-Lucy2.png&#8220;][\/et_pb_image][et_pb_text _builder_version=&#8220;4.20.2&#8243; _module_preset=&#8220;default&#8220; text_font=&#8220;Axiforma||||||||&#8220; text_text_color=&#8220;#EF8192&#8243; text_font_size=&#8220;1.7rem&#8220; header_font=&#8220;Axiforma||||||||&#8220; text_orientation=&#8220;center&#8220; global_colors_info=&#8220;{}&#8220;]<\/p>\n<p>Lucy Crehan<\/p>\n<p>[\/et_pb_text][et_pb_text _builder_version=&#8220;4.20.2&#8243; _module_preset=&#8220;default&#8220; text_font=&#8220;Axiforma||||||||&#8220; text_text_color=&#8220;#1A437E&#8220; text_font_size=&#8220;1.1rem&#8220; header_font=&#8220;Axiforma||||||||&#8220; text_orientation=&#8220;center&#8220; global_colors_info=&#8220;{}&#8220;]<\/p>\n<p>Kvalifikovan\u00e1 u\u010ditelka a badatelka v oboru vzd\u011bl\u00e1v\u00e1n\u00ed<\/p>\n<p>[\/et_pb_text][et_pb_toggle title=&#8220;Info&#8220; open_toggle_text_color=&#8220;#1A437E&#8220; open_toggle_background_color=&#8220;#FFFFFF&#8220; closed_toggle_background_color=&#8220;#FFFFFF&#8220; icon_color=&#8220;#1A437E&#8220; toggle_icon=&#8220;&#x22;||divi||400&#8243; open_icon_color=&#8220;#1A437E&#8220; open_toggle_icon=&#8220;&#x21;||divi||400&#8243; _builder_version=&#8220;4.20.2&#8243; _module_preset=&#8220;default&#8220; title_text_color=&#8220;#1A437E&#8220; title_font=&#8220;Axiforma|||on|||||&#8220; title_text_align=&#8220;left&#8220; closed_title_font=&#8220;Axiforma||||||||&#8220; body_font=&#8220;Axiforma||||||||&#8220; body_text_align=&#8220;left&#8220; body_text_color=&#8220;#1A437E&#8220; custom_margin=&#8220;20px||||false|false&#8220; border_color_all=&#8220;#D3DDE7&#8243; global_colors_info=&#8220;{}&#8220;]<\/p>\n<p>Lucy je kvalifikovan\u00e1 u\u010ditelka, badatelka ve vzd\u011bl\u00e1v\u00e1n\u00ed, autorka a mezin\u00e1rodn\u00ed konzultantka v oblasti vzd\u011bl\u00e1v\u00e1n\u00ed. Vyu\u010dovala v\u011bdu a psychologii na st\u0159edn\u00ed \u0161kole v Lond\u00fdn\u011b. Ne\u017e se za\u010dala zaj\u00edmat o v\u00fdzkum a politiku vzd\u011bl\u00e1v\u00e1n\u00ed, dokon\u010dila magistersk\u00e9 studium a vydala se na pr\u016fzkum nejv\u00fdkonn\u011bj\u0161\u00edch vzd\u011bl\u00e1vac\u00edch syst\u00e9m\u016f sv\u011bta. Vypom\u00e1hala ve \u0161kol\u00e1ch a \u017eila s u\u010diteli ve Finsku, Kanad\u011b, Singapuru, Japonsku, Nov\u00e9m Z\u00e9landu a \u0160anghaji, kde na ka\u017ed\u00e9m m\u00edst\u011b str\u00e1vila m\u011bs\u00edc.<br \/>Rok pracovala jako sou\u010d\u00e1st t\u00fdmu, kter\u00fd radil zahrani\u010dn\u00edm vl\u00e1d\u00e1m ohledn\u011b reformy vzd\u011bl\u00e1v\u00e1n\u00ed v Education Development Trust, a nyn\u00ed pracuje jako nez\u00e1visl\u00e1 konzultantka a autorka.<\/p>\n<p>[\/et_pb_toggle][\/et_pb_column][et_pb_column type=&#8220;1_4&#8243; _builder_version=&#8220;4.20.0&#8243; _module_preset=&#8220;default&#8220; global_colors_info=&#8220;{}&#8220;][et_pb_image src=&#8220;https:\/\/www.ucimekvalitne.cz\/2023\/wp-content\/uploads\/2023\/03\/Keprtova-Petra_modra.png&#8220; align=&#8220;center&#8220; _builder_version=&#8220;4.20.1&#8243; _module_preset=&#8220;default&#8220; global_colors_info=&#8220;{}&#8220; src__hover_enabled=&#8220;on|desktop&#8220; src__hover=&#8220;https:\/\/www.ucimekvalitne.cz\/2023\/wp-content\/uploads\/2023\/03\/Keprtova-Petra2.png&#8220;][\/et_pb_image][et_pb_text _builder_version=&#8220;4.20.2&#8243; _module_preset=&#8220;default&#8220; text_font=&#8220;Axiforma||||||||&#8220; text_text_color=&#8220;#EF8192&#8243; text_font_size=&#8220;1.7rem&#8220; text_orientation=&#8220;center&#8220; global_colors_info=&#8220;{}&#8220;]<\/p>\n<p>Petra Keprtov\u00e1<\/p>\n<p>[\/et_pb_text][et_pb_text _builder_version=&#8220;4.20.2&#8243; _module_preset=&#8220;default&#8220; text_font=&#8220;Axiforma||||||||&#8220; text_text_color=&#8220;#1A437E&#8220; text_font_size=&#8220;1.1rem&#8220; text_orientation=&#8220;center&#8220; global_colors_info=&#8220;{}&#8220;]<\/p>\n<p>\u0158editelka SKAV<\/p>\n<p>[\/et_pb_text][et_pb_toggle title=&#8220;Info&#8220; open_toggle_text_color=&#8220;#1A437E&#8220; open_toggle_background_color=&#8220;#FFFFFF&#8220; closed_toggle_background_color=&#8220;#FFFFFF&#8220; icon_color=&#8220;#1A437E&#8220; toggle_icon=&#8220;&#x22;||divi||400&#8243; open_icon_color=&#8220;#1A437E&#8220; open_toggle_icon=&#8220;&#x21;||divi||400&#8243; _builder_version=&#8220;4.20.2&#8243; _module_preset=&#8220;default&#8220; title_text_color=&#8220;#1A437E&#8220; title_font=&#8220;Axiforma|||on|||||&#8220; title_text_align=&#8220;left&#8220; closed_title_font=&#8220;Axiforma||||||||&#8220; body_font=&#8220;Axiforma||||||||&#8220; body_text_align=&#8220;left&#8220; body_text_color=&#8220;#1A437E&#8220; custom_margin=&#8220;20px||||false|false&#8220; border_color_all=&#8220;#D3DDE7&#8243; global_colors_info=&#8220;{}&#8220;]<\/p>\n<p>je \u0159editelkou SKAV od 1. 1. 2023. Profes\u00ed je soci\u00e1ln\u00ed a speci\u00e1ln\u00ed pedago\u017eka s u\u010ditelskou prax\u00ed na z\u00e1kladn\u00ed \u0161kole. Tam za\u010dala hledat cesty, jak podporovat v rozvoji v\u0161echny d\u011bti, b\u00fdt d\u011btem pr\u016fvodcem na jejich cest\u011b za pozn\u00e1n\u00edm a pozorovat, jak nakl\u00e1daj\u00ed se zodpov\u011bdnost\u00ed za vlastn\u00ed u\u010den\u00ed. Tuto zku\u0161enost pak p\u0159enesla do lektorsk\u00e9 a mentorsk\u00e9 \u010dinnosti v r\u00e1mci organizace JOB, kde m\u00e1 mimojin\u00e9 na starosti spolupr\u00e1ci s vn\u011bj\u0161\u00edmi partnery. Jako mentorka se pod\u00edlela na projektu Growth Mindset zam\u011b\u0159en\u00e9m na podporu r\u016fstov\u00e9ho my\u0161len\u00ed prost\u0159ednictv\u00edm formativn\u00edho hodnocen\u00ed. V sou\u010dasnosti spole\u010dn\u011b s kolegy prozkoum\u00e1v\u00e1 roli pr\u016fvodce, kter\u00fd dlouhodob\u011b prov\u00e1z\u00ed \u0161koly jejich rozvojem.<\/p>\n<p>[\/et_pb_toggle][\/et_pb_column][et_pb_column type=&#8220;1_4&#8243; _builder_version=&#8220;4.20.0&#8243; _module_preset=&#8220;default&#8220; global_colors_info=&#8220;{}&#8220;][et_pb_image src=&#8220;https:\/\/www.ucimekvalitne.cz\/2023\/wp-content\/uploads\/2023\/03\/Kostalova-Hana_modra.png&#8220; align=&#8220;center&#8220; _builder_version=&#8220;4.20.1&#8243; _module_preset=&#8220;default&#8220; global_colors_info=&#8220;{}&#8220; src__hover_enabled=&#8220;on|desktop&#8220; src__hover=&#8220;https:\/\/www.ucimekvalitne.cz\/2023\/wp-content\/uploads\/2023\/03\/Kostalova-Hana2.png&#8220;][\/et_pb_image][et_pb_text _builder_version=&#8220;4.20.2&#8243; _module_preset=&#8220;default&#8220; text_font=&#8220;Axiforma||||||||&#8220; text_text_color=&#8220;#EF8192&#8243; text_font_size=&#8220;1.7rem&#8220; header_font=&#8220;Axiforma||||||||&#8220; text_orientation=&#8220;center&#8220; global_colors_info=&#8220;{}&#8220;]<\/p>\n<p>Hana Ko\u0161\u0165\u00e1lov\u00e1<\/p>\n<p>[\/et_pb_text][et_pb_text _builder_version=&#8220;4.20.2&#8243; _module_preset=&#8220;default&#8220; text_font=&#8220;Axiforma||||||||&#8220; text_text_color=&#8220;#1A437E&#8220; text_font_size=&#8220;1.1rem&#8220; text_orientation=&#8220;center&#8220; global_colors_info=&#8220;{}&#8220;]<\/p>\n<p>Programov\u00e1 \u0159editelka projektu Pom\u00e1h\u00e1me \u0161kol\u00e1m k \u00fasp\u011bchu<\/p>\n<p>[\/et_pb_text][et_pb_toggle title=&#8220;Info&#8220; open_toggle_text_color=&#8220;#1A437E&#8220; open_toggle_background_color=&#8220;#FFFFFF&#8220; closed_toggle_background_color=&#8220;#FFFFFF&#8220; icon_color=&#8220;#1A437E&#8220; toggle_icon=&#8220;&#x22;||divi||400&#8243; open_icon_color=&#8220;#1A437E&#8220; open_toggle_icon=&#8220;&#x21;||divi||400&#8243; _builder_version=&#8220;4.20.2&#8243; _module_preset=&#8220;default&#8220; title_text_color=&#8220;#1A437E&#8220; title_font=&#8220;Axiforma|||on|||||&#8220; title_text_align=&#8220;left&#8220; closed_title_font=&#8220;Axiforma||||||||&#8220; body_font=&#8220;Axiforma||||||||&#8220; body_text_align=&#8220;left&#8220; body_text_color=&#8220;#1A437E&#8220; custom_margin=&#8220;20px||||false|false&#8220; border_color_all=&#8220;#D3DDE7&#8243; global_colors_info=&#8220;{}&#8220;]<\/p>\n<p>Jako b\u00fdval\u00e1 \u010de\u0161tin\u00e1\u0159ka se dlouh\u00e1 l\u00e9ta zab\u00fdv\u00e1 rozvojem gramotnosti a kritick\u00e9 gramotnosti d\u011bt\u00ed. Mezi lety 1997 a 2010 p\u016fsobila jako n\u00e1rodn\u00ed koordin\u00e1torka mezin\u00e1rodn\u00edho programu \u010cten\u00edm a psan\u00edm ke kritick\u00e9mu my\u0161len\u00ed (RWCT). Od roku 2010 pracuje jako programov\u00e1 \u0159editelka projektu Pom\u00e1h\u00e1me \u0161kol\u00e1m k \u00fasp\u011bchu. V projektu se spole\u010dn\u011b s kolegy ze stovky \u0161kol u\u010d\u00ed tomu, jak vyhodnocovat dopad v\u00fduky na u\u010den\u00ed (ka\u017ed\u00e9ho) \u017e\u00e1ka: integrac\u00ed u\u010den\u00ed \u017e\u00e1ka a profesn\u00edho u\u010den\u00ed u\u010ditele a t\u00edm, jak budovat a udr\u017eovat profesn\u00ed u\u010d\u00edc\u00ed se komunity. Je \u010dlenkou skupiny pro st\u0159edn\u00ed \u010dl\u00e1nek v projektu Partnerstv\u00ed pro vzd\u011bl\u00e1v\u00e1n\u00ed 2030+ a extern\u011b spolupracuje s \u0158editelem na\u017eivo.<\/p>\n<p>[\/et_pb_toggle][\/et_pb_column][et_pb_column type=&#8220;1_4&#8243; _builder_version=&#8220;4.20.0&#8243; _module_preset=&#8220;default&#8220; global_colors_info=&#8220;{}&#8220;][et_pb_image src=&#8220;https:\/\/www.ucimekvalitne.cz\/2023\/wp-content\/uploads\/2023\/03\/Lenka-Felcmanova_modra.png&#8220; align=&#8220;center&#8220; _builder_version=&#8220;4.20.1&#8243; _module_preset=&#8220;default&#8220; global_colors_info=&#8220;{}&#8220; src__hover_enabled=&#8220;on|desktop&#8220; src__hover=&#8220;https:\/\/www.ucimekvalitne.cz\/2023\/wp-content\/uploads\/2023\/03\/Lenka-Felcmanova2.png&#8220;][\/et_pb_image][et_pb_text _builder_version=&#8220;4.20.2&#8243; _module_preset=&#8220;default&#8220; text_font=&#8220;Axiforma||||||||&#8220; text_text_color=&#8220;#EF8192&#8243; text_font_size=&#8220;1.7rem&#8220; header_font=&#8220;Axiforma||||||||&#8220; text_orientation=&#8220;center&#8220; global_colors_info=&#8220;{}&#8220;]<\/p>\n<p>Lenka Felcmanov\u00e1<\/p>\n<p>[\/et_pb_text][et_pb_text _builder_version=&#8220;4.20.2&#8243; _module_preset=&#8220;default&#8220; text_font=&#8220;Axiforma||||||||&#8220; text_text_color=&#8220;#1A437E&#8220; text_font_size=&#8220;1.1rem&#8220; header_font=&#8220;Axiforma||||||||&#8220; text_orientation=&#8220;center&#8220; global_colors_info=&#8220;{}&#8220;]<\/p>\n<p>M\u00edstop\u0159edsedkyn\u011b Society for All (SOFA), vedouc\u00ed pracovn\u00ed skupiny Wellbeing, Partnerstv\u00ed 2030+<\/p>\n<p>[\/et_pb_text][et_pb_toggle title=&#8220;Info&#8220; open_toggle_text_color=&#8220;#1A437E&#8220; open_toggle_background_color=&#8220;#FFFFFF&#8220; closed_toggle_background_color=&#8220;#FFFFFF&#8220; icon_color=&#8220;#1A437E&#8220; toggle_icon=&#8220;&#x22;||divi||400&#8243; open_icon_color=&#8220;#1A437E&#8220; open_toggle_icon=&#8220;&#x21;||divi||400&#8243; _builder_version=&#8220;4.20.2&#8243; _module_preset=&#8220;default&#8220; title_text_color=&#8220;#1A437E&#8220; title_font=&#8220;Axiforma|||on|||||&#8220; title_text_align=&#8220;left&#8220; closed_title_font=&#8220;Axiforma||||||||&#8220; body_text_align=&#8220;left&#8220; body_text_color=&#8220;#1A437E&#8220; custom_margin=&#8220;20px||||false|false&#8220; border_color_all=&#8220;#D3DDE7&#8243; global_colors_info=&#8220;{}&#8220;]<\/p>\n<p>Je m\u00edstop\u0159edsedkyn\u00ed SOFA a p\u016fsob\u00ed na Kated\u0159e speci\u00e1ln\u00ed pedagogiky Pedagogick\u00e9 fakulty Univerzity Karlovy. Zab\u00fdv\u00e1 se problematikou vzd\u011bl\u00e1v\u00e1n\u00ed \u017e\u00e1k\u016f se specifick\u00fdmi poruchami u\u010den\u00ed a chov\u00e1n\u00ed, speci\u00e1ln\u011bpedagogick\u00e9 diagnostiky a inkluzivn\u00ed pedagogiky. V minulosti p\u016fsobila na Ministerstvu \u0161kolstv\u00ed, ml\u00e1de\u017ee a t\u011blov\u00fdchovy v Sekci rovn\u00fdch p\u0159\u00edle\u017eitost\u00ed ve vzd\u011bl\u00e1v\u00e1n\u00ed. P\u016fsob\u00ed jako lektorka v kurzech dal\u0161\u00edho vzd\u011bl\u00e1v\u00e1n\u00ed pedagogick\u00fdch pracovn\u00edk\u016f a kvalifika\u010dn\u00edch kurzech pro asistenty pedagoga, pod\u00edlela se na tvorb\u011b Katalogu podp\u016frn\u00fdch opat\u0159en\u00ed pro \u017e\u00e1ky se speci\u00e1ln\u00edmi vzd\u011bl\u00e1vac\u00edmi pot\u0159ebami. V SOFA se v\u011bnuje zav\u00e1d\u011bn\u00ed v\u00fdzkumn\u011b ov\u011b\u0159en\u00fdch p\u0159\u00edstup\u016f v oblasti managementu chov\u00e1n\u00ed \u017e\u00e1k\u016f ve \u0161kol\u00e1ch a podpory vzd\u011bl\u00e1v\u00e1n\u00ed d\u011bt\u00ed s v\u00fdvojov\u00fdm traumatem. Je vedouc\u00ed pracovn\u00ed skupiny v\u011bnuj\u00edc\u00ed se syst\u00e9mov\u00e9mu uchopen\u00ed podpory wellbeingu ve vzd\u011bl\u00e1v\u00e1n\u00ed v organizaci Partnerstv\u00ed pro vzd\u011bl\u00e1v\u00e1n\u00ed 2030+.<\/p>\n<p>[\/et_pb_toggle][\/et_pb_column][\/et_pb_row][et_pb_row column_structure=&#8220;1_4,1_4,1_4,1_4&#8243; use_custom_gutter=&#8220;on&#8220; gutter_width=&#8220;2&#8243; make_equal=&#8220;on&#8220; _builder_version=&#8220;4.20.0&#8243; _module_preset=&#8220;default&#8220; max_width=&#8220;1440px&#8220; global_colors_info=&#8220;{}&#8220;][et_pb_column type=&#8220;1_4&#8243; _builder_version=&#8220;4.20.0&#8243; _module_preset=&#8220;default&#8220; global_colors_info=&#8220;{}&#8220;][et_pb_image src=&#8220;https:\/\/www.ucimekvalitne.cz\/2023\/wp-content\/uploads\/2023\/03\/Petr-Danis_modra.png&#8220; align=&#8220;center&#8220; _builder_version=&#8220;4.20.1&#8243; _module_preset=&#8220;default&#8220; global_colors_info=&#8220;{}&#8220; src__hover_enabled=&#8220;on|desktop&#8220; src__hover=&#8220;https:\/\/www.ucimekvalitne.cz\/2023\/wp-content\/uploads\/2023\/03\/Petr-Danis2.png&#8220;][\/et_pb_image][et_pb_text _builder_version=&#8220;4.20.2&#8243; _module_preset=&#8220;default&#8220; text_font=&#8220;Axiforma||||||||&#8220; text_text_color=&#8220;#EF8192&#8243; text_font_size=&#8220;1.7rem&#8220; text_orientation=&#8220;center&#8220; global_colors_info=&#8220;{}&#8220;]<\/p>\n<p>Petr Dani\u0161<\/p>\n<p>[\/et_pb_text][et_pb_text _builder_version=&#8220;4.20.2&#8243; _module_preset=&#8220;default&#8220; text_font=&#8220;Axiforma||||||||&#8220; text_text_color=&#8220;#1A437E&#8220; text_font_size=&#8220;1.1rem&#8220; text_orientation=&#8220;center&#8220; global_colors_info=&#8220;{}&#8220;]<\/p>\n<p>\u0158editel vzd\u011bl\u00e1vac\u00edho centra TEREZA a p\u0159edseda s\u00edt\u011b st\u0159edisek ekologick\u00e9 v\u00fdchovy Pavu\u010dina<\/p>\n<p>[\/et_pb_text][et_pb_toggle title=&#8220;Info&#8220; open_toggle_text_color=&#8220;#1A437E&#8220; open_toggle_background_color=&#8220;#FFFFFF&#8220; closed_toggle_background_color=&#8220;#FFFFFF&#8220; icon_color=&#8220;#1A437E&#8220; toggle_icon=&#8220;&#x22;||divi||400&#8243; open_icon_color=&#8220;#1A437E&#8220; open_toggle_icon=&#8220;&#x21;||divi||400&#8243; _builder_version=&#8220;4.20.2&#8243; _module_preset=&#8220;default&#8220; title_text_color=&#8220;#1A437E&#8220; title_font=&#8220;Axiforma|||on|||||&#8220; title_text_align=&#8220;left&#8220; body_font=&#8220;Axiforma||||||||&#8220; body_text_align=&#8220;left&#8220; body_text_color=&#8220;#1A437E&#8220; custom_margin=&#8220;20px||||false|false&#8220; border_color_all=&#8220;#D3DDE7&#8243; global_colors_info=&#8220;{}&#8220;]<\/p>\n<p>U\u017e dvacet let se zasazuje o prom\u011bnu na\u0161eho vztahu k d\u011btem a k p\u0159\u00edrod\u011b. St\u00e1l u rozjezdu programu Eko\u0161kola v \u010cR a zalo\u017een\u00ed iniciativy U\u010d\u00edme se venku. Ve sv\u00fdch knih\u00e1ch D\u011bti venku v p\u0159\u00edrod\u011b \u2013 ohro\u017een\u00fd druh?, Tajemstv\u00ed \u0161koly za \u0161kolou a Svobodn\u00e1 hra vyzdvihuje kontakt d\u011bt\u00ed s p\u0159\u00edrodou a d\u011btskou hru jako p\u0159irozenou cestu k jejich zdrav\u00ed, wellbeingu, rozvoji a u\u010den\u00ed. Vedl pracovn\u00ed skupinu, s n\u00ed\u017e vytvo\u0159il publikaci Klima se m\u011bn\u00ed \u2013 a co my? Pro\u010d a jak se u\u010dit o zm\u011bn\u011b klimatu. S TEREZOU z\u00edskal \u0159adu ocen\u011bn\u00ed: Cenu za inovace ve vzd\u011bl\u00e1v\u00e1n\u00ed Edu\u00edna 2017, V\u00edt\u011bz Cen SDGs 2021 v kategorii Vzd\u011bl\u00e1n\u00ed a dal\u0161\u00ed. V sou\u010dasnosti pracuje na rozvoji klimatick\u00e9ho vzd\u011bl\u00e1v\u00e1n\u00ed v \u010cR a na knize o tom, jak zastavit ekologickou krizi.<\/p>\n<p>[\/et_pb_toggle][\/et_pb_column][et_pb_column type=&#8220;1_4&#8243; _builder_version=&#8220;4.20.0&#8243; _module_preset=&#8220;default&#8220; global_colors_info=&#8220;{}&#8220;][et_pb_image src=&#8220;https:\/\/www.ucimekvalitne.cz\/2023\/wp-content\/uploads\/2023\/03\/Pychova_Silvie_modra.png&#8220; align=&#8220;center&#8220; _builder_version=&#8220;4.20.1&#8243; _module_preset=&#8220;default&#8220; global_colors_info=&#8220;{}&#8220; src__hover_enabled=&#8220;on|hover&#8220; src__hover=&#8220;https:\/\/www.ucimekvalitne.cz\/2023\/wp-content\/uploads\/2023\/03\/Pychova_Silvie2.png&#8220;][\/et_pb_image][et_pb_text _builder_version=&#8220;4.20.2&#8243; _module_preset=&#8220;default&#8220; text_font=&#8220;Axiforma||||||||&#8220; text_text_color=&#8220;#EF8192&#8243; text_font_size=&#8220;1.7rem&#8220; text_orientation=&#8220;center&#8220; global_colors_info=&#8220;{}&#8220;]<\/p>\n<p>Silvie P\u00fdchov\u00e1<\/p>\n<p>[\/et_pb_text][et_pb_text _builder_version=&#8220;4.20.2&#8243; _module_preset=&#8220;default&#8220; text_font=&#8220;Axiforma||||||||&#8220; text_text_color=&#8220;#1A437E&#8220; text_font_size=&#8220;1.1rem&#8220; header_font=&#8220;Axiforma||||||||&#8220; text_orientation=&#8220;center&#8220; global_colors_info=&#8220;{}&#8220;]<\/p>\n<p>Programov\u00e1 mana\u017eerka Partnerstv\u00ed<\/p>\n<p>[\/et_pb_text][et_pb_toggle title=&#8220;Info&#8220; open_toggle_text_color=&#8220;#1A437E&#8220; open_toggle_background_color=&#8220;#FFFFFF&#8220; closed_toggle_background_color=&#8220;#FFFFFF&#8220; icon_color=&#8220;#1A437E&#8220; toggle_icon=&#8220;&#x22;||divi||400&#8243; open_icon_color=&#8220;#1A437E&#8220; open_toggle_icon=&#8220;&#x21;||divi||400&#8243; _builder_version=&#8220;4.20.4&#8243; _module_preset=&#8220;default&#8220; title_text_color=&#8220;#1A437E&#8220; title_font=&#8220;Axiforma|||on|||||&#8220; title_text_align=&#8220;left&#8220; closed_title_font=&#8220;Axiforma||||||||&#8220; body_font=&#8220;Axiforma||||||||&#8220; body_text_align=&#8220;left&#8220; body_text_color=&#8220;#1A437E&#8220; custom_margin=&#8220;20px||||false|false&#8220; border_color_all=&#8220;#D3DDE7&#8243; global_colors_info=&#8220;{}&#8220;]<\/p>\n<p>Profesn\u011b za\u010d\u00ednala jako p\u0159ekladatelka z francouz\u0161tiny a u\u010ditelka na gymn\u00e1ziu, pozd\u011bji pracovala jako odborn\u00e1 referentka v Dom\u011b zahrani\u010dn\u00ed spolupr\u00e1ce a z\u00edskala zku\u0161enosti s koordinac\u00ed evropsk\u00fdch program\u016f ve vzd\u011bl\u00e1v\u00e1n\u00ed (eTwinning, Euroguidance). V letech 2010\u20132016 zast\u00e1vala pozici p\u0159edsedkyn\u011b spr\u00e1vn\u00ed rady EDUin, tam tak\u00e9 vedla sekci vzd\u011bl\u00e1vac\u00edch program\u016f. Od roku 2010 do roku 2022 p\u016fsobila jako \u0159editelka SKAV, kde od roku 2013 rozv\u00edjela spole\u010dn\u011b s dal\u0161\u00edmi iniciativu \u00dasp\u011bch pro ka\u017ed\u00e9ho \u017e\u00e1ka. Roku 2020 st\u00e1la u zrodu Partnerstv\u00ed pro vzd\u011bl\u00e1v\u00e1n\u00ed 2030+ a nyn\u00ed p\u016fsob\u00ed na pozici programov\u00e9 mana\u017eerky. Jej\u00ed odbornost je kari\u00e9rov\u00e9 poradenstv\u00ed, v roce 2012 spoluzalo\u017eila neziskovou organizaci Centrum kompetenc\u00ed, kter\u00e1 do \u010cR p\u0159inesla \u0161v\u00fdcarskou metodu CH-Q Mapov\u00e1n\u00ed kompetenc\u00ed. Od roku 2020 je \u010dlenkou Rady vl\u00e1dy pro nest\u00e1tn\u00ed neziskov\u00e9 organizace a od roku 2021 p\u0159edsed\u00e1 V\u00fdboru pro EU, poradn\u00edmu org\u00e1nu RVNNO. Je spoluautorkou kn\u00ed\u017eky Kari\u00e9rov\u00e9 poradenstv\u00ed na ka\u017ed\u00fd p\u00e1d a autorkou knihy rozhovor\u016f \u00dasp\u011bch pro ka\u017ed\u00e9ho \u017e\u00e1ka.<\/p>\n<p>[\/et_pb_toggle][\/et_pb_column][et_pb_column type=&#8220;1_4&#8243; _builder_version=&#8220;4.20.0&#8243; _module_preset=&#8220;default&#8220; global_colors_info=&#8220;{}&#8220;][et_pb_image src=&#8220;https:\/\/www.ucimekvalitne.cz\/2023\/wp-content\/uploads\/2023\/03\/Caklos_Tomas_modra.png&#8220; align=&#8220;center&#8220; _builder_version=&#8220;4.20.1&#8243; _module_preset=&#8220;default&#8220; global_colors_info=&#8220;{}&#8220; src__hover_enabled=&#8220;on|desktop&#8220; src__hover=&#8220;https:\/\/www.ucimekvalitne.cz\/2023\/wp-content\/uploads\/2023\/03\/Caklos_Tomas2.png&#8220;][\/et_pb_image][et_pb_text _builder_version=&#8220;4.20.2&#8243; _module_preset=&#8220;default&#8220; text_font=&#8220;Axiforma||||||||&#8220; text_text_color=&#8220;#EF8192&#8243; text_font_size=&#8220;1.7rem&#8220; text_orientation=&#8220;center&#8220; global_colors_info=&#8220;{}&#8220;]<\/p>\n<p>Tom\u00e1\u0161 \u010caklo\u0161<\/p>\n<p>[\/et_pb_text][et_pb_text _builder_version=&#8220;4.20.2&#8243; _module_preset=&#8220;default&#8220; text_font=&#8220;Axiforma||||||||&#8220; text_text_color=&#8220;#1A437E&#8220; text_font_size=&#8220;1.1rem&#8220; global_colors_info=&#8220;{}&#8220;]<\/p>\n<p><span>P\u0159edseda hnut\u00ed Otev\u0159eno<\/span><\/p>\n<p>[\/et_pb_text][et_pb_toggle title=&#8220;Info&#8220; open_toggle_text_color=&#8220;#1A437E&#8220; open_toggle_background_color=&#8220;#FFFFFF&#8220; closed_toggle_background_color=&#8220;#FFFFFF&#8220; icon_color=&#8220;#1A437E&#8220; toggle_icon=&#8220;&#x22;||divi||400&#8243; open_icon_color=&#8220;#1A437E&#8220; open_toggle_icon=&#8220;&#x21;||divi||400&#8243; _builder_version=&#8220;4.20.2&#8243; _module_preset=&#8220;default&#8220; title_text_color=&#8220;#1A437E&#8220; title_font=&#8220;Axiforma|||on|||||&#8220; title_text_align=&#8220;left&#8220; closed_title_font=&#8220;Axiforma||||||||&#8220; body_font=&#8220;Axiforma||||||||&#8220; body_text_align=&#8220;left&#8220; body_text_color=&#8220;#1A437E&#8220; custom_margin=&#8220;20px||||false|false&#8220; border_color_all=&#8220;#D3DDE7&#8243; global_colors_info=&#8220;{}&#8220;]<\/p>\n<p><span>Vede Otev\u0159eno, hnut\u00ed student\u016f, u\u010ditel\u016f a vzd\u011blavatel\u016f na pedagogick\u00fdch fakult\u00e1ch, usiluj\u00edc\u00ed o reformu p\u0159\u00edpravy u\u010ditel\u016f a skrze ni o prom\u011bnu \u010desk\u00e9ho \u0161kolstv\u00ed. Zab\u00fdv\u00e1 se p\u0159\u00edstupem k d\u011btem a t\u00edm, jak skrze n\u011bj formujeme jejich p\u0159edstavy a n\u00e1vyky do \u017eivota. Ze v\u0161eho nejv\u00edc se v\u011bnuje tomu, jak pr\u00e1ce s vnit\u0159n\u00ed \u010di vn\u011bj\u0161\u00ed motivac\u00ed v d\u011btech podporuje svobodu, \u010di naopak z\u00e1vislost. Je celo\u017eivotn\u00edm skautem, od 15 let vedl d\u011bti v odd\u00edle, pozd\u011bji pracoval jako \u0161\u00e9fredaktor Skautingu, pedagogick\u00e9ho \u010dasopisu pro skautsk\u00e9 vedouc\u00ed. Studoval pedagogiku, psychologii, sociologii a informatiku.<\/span><\/p>\n<p>[\/et_pb_toggle][\/et_pb_column][et_pb_column type=&#8220;1_4&#8243; _builder_version=&#8220;4.20.0&#8243; _module_preset=&#8220;default&#8220; global_colors_info=&#8220;{}&#8220;][et_pb_image src=&#8220;https:\/\/www.ucimekvalitne.cz\/2023\/wp-content\/uploads\/2023\/03\/Hadkova-Dana.png&#8220; align=&#8220;center&#8220; _builder_version=&#8220;4.20.2&#8243; _module_preset=&#8220;default&#8220; global_colors_info=&#8220;{}&#8220; src__hover_enabled=&#8220;on|desktop&#8220; src__hover=&#8220;https:\/\/www.ucimekvalitne.cz\/2023\/wp-content\/uploads\/2023\/03\/Hadkova-Dana2-3.png&#8220;][\/et_pb_image][et_pb_text _builder_version=&#8220;4.20.2&#8243; _module_preset=&#8220;default&#8220; text_font=&#8220;Axiforma||||||||&#8220; text_text_color=&#8220;#EF8192&#8243; text_font_size=&#8220;1.7rem&#8220; header_font=&#8220;Axiforma||||||||&#8220; text_orientation=&#8220;center&#8220; global_colors_info=&#8220;{}&#8220;]<\/p>\n<p>Dana H\u00e1dkov\u00e1<\/p>\n<p>[\/et_pb_text][et_pb_text _builder_version=&#8220;4.20.2&#8243; _module_preset=&#8220;default&#8220; text_font=&#8220;Axiforma||||||||&#8220; text_text_color=&#8220;#1A437E&#8220; text_font_size=&#8220;1.1rem&#8220; header_font=&#8220;Axiforma||||||||&#8220; text_orientation=&#8220;center&#8220; global_colors_info=&#8220;{}&#8220;]<\/p>\n<p>Metodi\u010dka a lektorka hodnotov\u00e9ho vzd\u011bl\u00e1v\u00e1n\u00ed<\/p>\n<p>[\/et_pb_text][et_pb_toggle title=&#8220;Info&#8220; open_toggle_text_color=&#8220;#1A437E&#8220; open_toggle_background_color=&#8220;#FFFFFF&#8220; closed_toggle_background_color=&#8220;#FFFFFF&#8220; icon_color=&#8220;#1A437E&#8220; toggle_icon=&#8220;&#x22;||divi||400&#8243; open_icon_color=&#8220;#1A437E&#8220; open_toggle_icon=&#8220;&#x21;||divi||400&#8243; _builder_version=&#8220;4.20.2&#8243; _module_preset=&#8220;default&#8220; title_text_color=&#8220;#1A437E&#8220; title_font=&#8220;Axiforma|||on|||||&#8220; title_text_align=&#8220;left&#8220; closed_title_font=&#8220;Axiforma||||||||&#8220; body_font=&#8220;Axiforma||||||||&#8220; body_text_align=&#8220;left&#8220; body_text_color=&#8220;#1A437E&#8220; custom_margin=&#8220;20px||||false|false&#8220; border_color_all=&#8220;#D3DDE7&#8243; global_colors_info=&#8220;{}&#8220;]<\/p>\n<p>Je metodi\u010dka a lektorka hodnotov\u00e9ho vzd\u011bl\u00e1v\u00e1n\u00ed v organizaci Hodnotov\u00e9 vzd\u011bl\u00e1v\u00e1n\u00ed Cyril Mooney, autorka a \u0159editelka projektu Badatelsk\u00e1 akademie Datel pro nadan\u00e9 a p\u0159em\u00fd\u0161liv\u00e9 d\u011bti, kter\u00fd stoj\u00ed na v\u011bdom\u00e9 pr\u00e1ci s hodnotami, nehodnocen\u00ed, touze porozum\u011bt sv\u011btu v\u010detn\u011b sebe a v\u00fdzv\u011b Po\u0161li to d\u00e1l. Vystudovala PF UK, je lektorkou FIE \/ MIU, na \u010das zb\u011bhla do komerce a po nad\u0161en\u00e9m n\u00e1vratu k pedagogice se sna\u017e\u00ed neu\u010dit, ale inspirovat a motivovat. Pod\u00edlela se na adaptaci s\u00e9rie u\u010debnic hodnotov\u00e9ho vzd\u011bl\u00e1v\u00e1n\u00ed My jsme sv\u011bt. Aktu\u00e1ln\u00ed t\u00e9ma je pro ni nach\u00e1zen\u00ed dar\u016f, mimo\u0159\u00e1dnost\u00ed a siln\u00fdch str\u00e1nek, o kter\u00e9 se lze u ka\u017ed\u00e9ho konkr\u00e9tn\u00edho \u017e\u00e1ka op\u0159\u00edt, a to spole\u010dn\u011b s jejich t\u0159\u00eddn\u00edmi u\u010diteli.<\/p>\n<p>[\/et_pb_toggle][\/et_pb_column][\/et_pb_row][et_pb_row column_structure=&#8220;1_4,1_4,1_4,1_4&#8243; use_custom_gutter=&#8220;on&#8220; gutter_width=&#8220;2&#8243; make_equal=&#8220;on&#8220; _builder_version=&#8220;4.20.0&#8243; _module_preset=&#8220;default&#8220; max_width=&#8220;1440px&#8220; global_colors_info=&#8220;{}&#8220;][et_pb_column type=&#8220;1_4&#8243; _builder_version=&#8220;4.20.0&#8243; _module_preset=&#8220;default&#8220; global_colors_info=&#8220;{}&#8220;][et_pb_image src=&#8220;https:\/\/www.ucimekvalitne.cz\/2023\/wp-content\/uploads\/2023\/03\/Stoilova-Michaela.png&#8220; align=&#8220;center&#8220; _builder_version=&#8220;4.20.1&#8243; _module_preset=&#8220;default&#8220; global_colors_info=&#8220;{}&#8220; src__hover_enabled=&#8220;on|desktop&#8220; src__hover=&#8220;https:\/\/www.ucimekvalitne.cz\/2023\/wp-content\/uploads\/2023\/03\/Stoilova-Michaela2.png&#8220;][\/et_pb_image][et_pb_text _builder_version=&#8220;4.20.2&#8243; _module_preset=&#8220;default&#8220; text_font=&#8220;Axiforma||||||||&#8220; text_text_color=&#8220;#EF8192&#8243; text_font_size=&#8220;1.7rem&#8220; header_font=&#8220;Axiforma||||||||&#8220; text_orientation=&#8220;center&#8220; global_colors_info=&#8220;{}&#8220;]<\/p>\n<p>Michaela Stoilova<\/p>\n<p>[\/et_pb_text][et_pb_text _builder_version=&#8220;4.20.2&#8243; _module_preset=&#8220;default&#8220; text_font=&#8220;Axiforma||||||||&#8220; text_text_color=&#8220;#1A437E&#8220; text_font_size=&#8220;1.1rem&#8220; header_font=&#8220;Axiforma||||||||&#8220; text_orientation=&#8220;center&#8220; global_colors_info=&#8220;{}&#8220;]<\/p>\n<p>Metodi\u010dka a lektorka hodnotov\u00e9ho vzd\u011bl\u00e1v\u00e1n\u00ed v organizaci Hodnotov\u00e9 vzd\u011bl\u00e1v\u00e1n\u00ed Cyril Mooney.<\/p>\n<p>[\/et_pb_text][et_pb_toggle title=&#8220;Info&#8220; open_toggle_text_color=&#8220;#1A437E&#8220; open_toggle_background_color=&#8220;#FFFFFF&#8220; closed_toggle_background_color=&#8220;#FFFFFF&#8220; icon_color=&#8220;#1A437E&#8220; toggle_icon=&#8220;&#x22;||divi||400&#8243; open_icon_color=&#8220;#1A437E&#8220; open_toggle_icon=&#8220;&#x21;||divi||400&#8243; _builder_version=&#8220;4.20.2&#8243; _module_preset=&#8220;default&#8220; title_text_color=&#8220;#1A437E&#8220; title_font=&#8220;Axiforma|||on|||||&#8220; title_text_align=&#8220;left&#8220; closed_title_font=&#8220;Axiforma||||||||&#8220; body_font=&#8220;Axiforma||||||||&#8220; body_text_align=&#8220;left&#8220; body_text_color=&#8220;#1A437E&#8220; custom_margin=&#8220;20px||||false|false&#8220; border_color_all=&#8220;#D3DDE7&#8243; global_colors_info=&#8220;{}&#8220;]<\/p>\n<p>Ji\u017e b\u011bhem studia rusistiky se zam\u011b\u0159ila zejm\u00e9na na literaturu sov\u011btsk\u00e9ho disentu a lidskopr\u00e1vn\u00ed oblast. Z\u00e1jem o spole\u010densk\u00e1 t\u00e9mata ji p\u0159ivedl ke vzd\u011bl\u00e1v\u00e1n\u00ed. Na gymn\u00e1ziu PORG u\u010d\u00ed ru\u0161tinu a p\u0159edm\u011bt ob\u010dansk\u00e1 odpov\u011bdnost a dobrovolnictv\u00ed. N\u011bkolik let pracovala jako metodi\u010dka jazykov\u00fdch adaptivn\u00edch test\u016f a map u\u010debn\u00edho pokroku ve spole\u010dnosti Scio. Pod\u00edlela se na adaptaci s\u00e9rie u\u010debnic hodnotov\u00e9ho vzd\u011bl\u00e1v\u00e1n\u00ed My jsme sv\u011bt. Na PdF MU vede semin\u00e1rn\u00ed skupinu p\u0159edm\u011btu v\u00fdchova k hodnot\u00e1m.<\/p>\n<p>[\/et_pb_toggle][et_pb_image src=&#8220;https:\/\/www.ucimekvalitne.cz\/2023\/wp-content\/uploads\/2023\/04\/Popelarova-Marketa.png&#8220; title_text=&#8220;Popelarova Marketa2&#8243; align=&#8220;center&#8220; _builder_version=&#8220;4.20.4&#8243; _module_preset=&#8220;default&#8220; global_colors_info=&#8220;{}&#8220; src__hover_enabled=&#8220;on|desktop&#8220; src__hover=&#8220;https:\/\/www.ucimekvalitne.cz\/2023\/wp-content\/uploads\/2023\/04\/Popelarova-Marketa2.png&#8220;][\/et_pb_image][et_pb_text _builder_version=&#8220;4.20.4&#8243; _module_preset=&#8220;default&#8220; text_font=&#8220;Axiforma||||||||&#8220; text_text_color=&#8220;#EF8192&#8243; text_font_size=&#8220;1.7rem&#8220; header_font=&#8220;Axiforma||||||||&#8220; text_orientation=&#8220;center&#8220; global_colors_info=&#8220;{}&#8220;]<\/p>\n<p>Mark\u00e9ta Popel\u00e1\u0159ov\u00e1<\/p>\n<p>[\/et_pb_text][et_pb_text _builder_version=&#8220;4.20.4&#8243; _module_preset=&#8220;default&#8220; text_font=&#8220;Axiforma||||||||&#8220; text_text_color=&#8220;#1A437E&#8220; text_font_size=&#8220;1.1rem&#8220; header_font=&#8220;Axiforma||||||||&#8220; text_orientation=&#8220;center&#8220; global_colors_info=&#8220;{}&#8220;]<\/p>\n<p>Za\u010d\u00ednaj\u00edc\u00ed u\u010ditelka \/ Otev\u0159eno<\/p>\n<p>[\/et_pb_text][et_pb_toggle title=&#8220;Info&#8220; open_toggle_text_color=&#8220;#1A437E&#8220; open_toggle_background_color=&#8220;#FFFFFF&#8220; closed_toggle_background_color=&#8220;#FFFFFF&#8220; icon_color=&#8220;#1A437E&#8220; toggle_icon=&#8220;&#x22;||divi||400&#8243; open_icon_color=&#8220;#1A437E&#8220; open_toggle_icon=&#8220;&#x21;||divi||400&#8243; _builder_version=&#8220;4.20.4&#8243; _module_preset=&#8220;default&#8220; title_text_color=&#8220;#1A437E&#8220; title_font=&#8220;Axiforma|||on|||||&#8220; title_text_align=&#8220;left&#8220; closed_title_font=&#8220;Axiforma||||||||&#8220; body_font=&#8220;Axiforma||||||||&#8220; body_text_align=&#8220;left&#8220; body_text_color=&#8220;#1A437E&#8220; custom_margin=&#8220;20px||||false|false&#8220; border_color_all=&#8220;#D3DDE7&#8243; global_colors_info=&#8220;{}&#8220;]<\/p>\n<p><span style=\"font-weight: 400;\">T\u0159et\u00edm rokem p\u016fsob\u00ed jako u\u010ditelka n\u011bmeck\u00e9ho jazyka na Z\u0160 Fr. Plam\u00ednkov\u00e9 na Praze 7, z\u00e1rove\u0148 vede medi\u00e1ln\u011b-politick\u00fd program hnut\u00ed Otev\u0159eno, kter\u00e9 usiluje o prom\u011bnu vzd\u011bl\u00e1n\u00ed na pedagogick\u00fdch fakult\u00e1ch. Pr\u00e1v\u011b prom\u011bna p\u0159\u00edpravy u\u010ditel\u016f a role u\u010ditel\u016f ve vzd\u011bl\u00e1v\u00e1n\u00ed jsou t\u00e9mata, kter\u00fdm se profesn\u011b v\u011bnuje nejhloub\u011bji. Aktu\u00e1ln\u011b se pod\u00edl\u00ed tak\u00e9 na p\u0159\u00edprav\u011b p\u0159\u00edru\u010dky pro za\u010d\u00ednaj\u00edc\u00ed u\u010ditele, vytv\u00e1\u0159\u00ed materi\u00e1ly pro vyu\u010duj\u00edc\u00ed n\u011bm\u010diny a p\u00ed\u0161e \u010dl\u00e1nky o vzd\u011bl\u00e1vac\u00ed politice. <\/span><\/p>\n<p>[\/et_pb_toggle][\/et_pb_column][et_pb_column type=&#8220;1_4&#8243; _builder_version=&#8220;4.20.0&#8243; _module_preset=&#8220;default&#8220; global_colors_info=&#8220;{}&#8220;][et_pb_image src=&#8220;https:\/\/www.ucimekvalitne.cz\/2023\/wp-content\/uploads\/2023\/03\/Trestikova_Ludmila.png&#8220; title_text=&#8220;Trestikova_Ludmila2&#8243; align=&#8220;center&#8220; _builder_version=&#8220;4.20.2&#8243; _module_preset=&#8220;default&#8220; global_colors_info=&#8220;{}&#8220; src__hover_enabled=&#8220;on|hover&#8220; src__hover=&#8220;https:\/\/www.ucimekvalitne.cz\/2023\/wp-content\/uploads\/2023\/03\/Trestikova_Ludmila2.png&#8220;][\/et_pb_image][et_pb_text _builder_version=&#8220;4.20.2&#8243; _module_preset=&#8220;default&#8220; text_font=&#8220;Axiforma||||||||&#8220; text_text_color=&#8220;#EF8192&#8243; text_font_size=&#8220;1.7rem&#8220; header_font=&#8220;Axiforma||||||||&#8220; text_orientation=&#8220;center&#8220; global_colors_info=&#8220;{}&#8220;]<\/p>\n<p>Ludmila T\u0159e\u0161t\u00edkov\u00e1<\/p>\n<p>[\/et_pb_text][et_pb_text _builder_version=&#8220;4.20.2&#8243; _module_preset=&#8220;default&#8220; text_font=&#8220;Axiforma||||||||&#8220; text_text_color=&#8220;#1A437E&#8220; text_font_size=&#8220;1.1rem&#8220; header_font=&#8220;Axiforma||||||||&#8220; text_orientation=&#8220;center&#8220; global_colors_info=&#8220;{}&#8220;]<\/p>\n<p><span style=\"font-weight: 400;\">Vedouc\u00ed odd\u011blen\u00ed strategie a anal\u00fdz M\u0160MT<\/span><\/p>\n<p>[\/et_pb_text][et_pb_toggle title=&#8220;Info&#8220; open_toggle_text_color=&#8220;#1A437E&#8220; open_toggle_background_color=&#8220;#FFFFFF&#8220; closed_toggle_background_color=&#8220;#FFFFFF&#8220; icon_color=&#8220;#1A437E&#8220; toggle_icon=&#8220;&#x22;||divi||400&#8243; open_icon_color=&#8220;#1A437E&#8220; open_toggle_icon=&#8220;&#x21;||divi||400&#8243; _builder_version=&#8220;4.20.2&#8243; _module_preset=&#8220;default&#8220; title_text_color=&#8220;#1A437E&#8220; title_font=&#8220;Axiforma|||on|||||&#8220; title_text_align=&#8220;left&#8220; closed_title_font=&#8220;Axiforma||||||||&#8220; body_font=&#8220;Axiforma||||||||&#8220; body_text_align=&#8220;left&#8220; body_text_color=&#8220;#1A437E&#8220; custom_margin=&#8220;20px||||false|false&#8220; border_color_all=&#8220;#D3DDE7&#8243; global_colors_info=&#8220;{}&#8220;]<\/p>\n<p><span style=\"font-weight: 400;\">Je vedouc\u00ed t\u00fdmu strategie a anal\u00fdz na ministerstvu \u0161kolstv\u00ed a zab\u00fdv\u00e1 se tvorbou a realizac\u00ed koncep\u010dn\u00edch materi\u00e1l\u016f pro region\u00e1ln\u00ed \u0161kolstv\u00ed, spoluprac\u00ed s dal\u0161\u00edmi resorty a zahrani\u010d\u00edm. Je nad\u0161en\u00e1, \u017ee se profesn\u011b m\u016f\u017ee v\u011bnovat <\/span><span style=\"font-weight: 400;\">modernizaci \u0161kolstv\u00ed d\u00edky Strategii vzd\u011bl\u00e1vac\u00ed politiky \u010cR do roku 2030+; aktu\u00e1ln\u011b p\u0159ipravuje s kolegy Dlouhodob\u00fd z\u00e1m\u011br vzd\u011bl\u00e1v\u00e1n\u00ed \u010cR na obdob\u00ed 2023-2027. L\u00edda m\u00e1 bohat\u00e9 zku\u0161enosti se strategick\u00fdm \u0159\u00edzen\u00edm a participativn\u00edm pl\u00e1nov\u00e1n\u00edm a p\u0159ed 15-lety vybudovala u\u010d\u00edc\u00ed se s\u00ed\u0165 \u0159editel\u016f a u\u010ditel\u016f \u0161kol a starost\u016f na \u0158\u00ed\u010dansku. Vystudovala andragogiku a personalistiku, dlouh\u00e9 roky se zab\u00fdvala komunitn\u011b veden\u00fdm m\u00edstn\u00edm rozvojem. Pracovala t\u00e9\u017e v soukrom\u00e9m sektoru jako \u0159editelka marketingu a komunikace. Ve sv\u00e9m voln\u00e9m \u010dase se v\u011bnuje rozvoji d\u011bt\u00ed a \u017e\u00e1k\u016f v oblasti (hudebn\u00ed) kreativity a udr\u017eitelnosti, a tak\u00e9 program\u016fm na rozvoj osobnosti a pos\u00edlen\u00ed vztah\u016f d\u011bt\u00ed a rodi\u010d\u016f.<\/span><\/p>\n<p>&nbsp;<\/p>\n<p>[\/et_pb_toggle][et_pb_image src=&#8220;https:\/\/www.ucimekvalitne.cz\/2023\/wp-content\/uploads\/2023\/04\/Zajickova-Klara.png&#8220; title_text=&#8220;Zajickova Klara2&#8243; align=&#8220;center&#8220; _builder_version=&#8220;4.20.4&#8243; _module_preset=&#8220;default&#8220; custom_padding=&#8220;49px|||||&#8220; global_colors_info=&#8220;{}&#8220; src__hover_enabled=&#8220;on|hover&#8220; src__hover=&#8220;https:\/\/www.ucimekvalitne.cz\/2023\/wp-content\/uploads\/2023\/04\/Zajickova-Klara2.png&#8220;][\/et_pb_image][et_pb_text _builder_version=&#8220;4.20.4&#8243; _module_preset=&#8220;default&#8220; text_font=&#8220;Axiforma||||||||&#8220; text_text_color=&#8220;#EF8192&#8243; text_font_size=&#8220;1.7rem&#8220; header_font=&#8220;Axiforma||||||||&#8220; text_orientation=&#8220;center&#8220; global_colors_info=&#8220;{}&#8220;]<\/p>\n<p>Kl\u00e1ra Zaj\u00ed\u010dkov\u00e1<\/p>\n<p>[\/et_pb_text][et_pb_text _builder_version=&#8220;4.20.4&#8243; _module_preset=&#8220;default&#8220; text_font=&#8220;Axiforma||||||||&#8220; text_text_color=&#8220;#1A437E&#8220; text_font_size=&#8220;1.1rem&#8220; header_font=&#8220;Axiforma||||||||&#8220; text_orientation=&#8220;center&#8220; global_colors_info=&#8220;{}&#8220;]<\/p>\n<p><span style=\"font-weight: 400;\">Analyti\u010dka v \u00fastavu empirick\u00fdch v\u00fdzkum\u016f STEM<\/span><\/p>\n<p>[\/et_pb_text][et_pb_toggle title=&#8220;Info&#8220; open_toggle_text_color=&#8220;#1A437E&#8220; open_toggle_background_color=&#8220;#FFFFFF&#8220; closed_toggle_background_color=&#8220;#FFFFFF&#8220; icon_color=&#8220;#1A437E&#8220; toggle_icon=&#8220;&#x22;||divi||400&#8243; open_icon_color=&#8220;#1A437E&#8220; open_toggle_icon=&#8220;&#x21;||divi||400&#8243; _builder_version=&#8220;4.20.4&#8243; _module_preset=&#8220;default&#8220; title_text_color=&#8220;#1A437E&#8220; title_font=&#8220;Axiforma|||on|||||&#8220; title_text_align=&#8220;left&#8220; closed_title_font=&#8220;Axiforma||||||||&#8220; body_font=&#8220;Axiforma||||||||&#8220; body_text_align=&#8220;left&#8220; body_text_color=&#8220;#1A437E&#8220; custom_margin=&#8220;20px||||false|false&#8220; border_color_all=&#8220;#D3DDE7&#8243; global_colors_info=&#8220;{}&#8220;]<\/p>\n<p><span style=\"font-weight: 400;\">Je analyti\u010dka v \u00fastavu empirick\u00fdch v\u00fdzkum\u016f STEM, kde se pod\u00edl\u00ed na p\u0159\u00edprav\u011b a realizaci v\u00fdzkum\u016f pro ve\u0159ejnou spr\u00e1vu a neziskov\u00e9 organizace. Aktu\u00e1ln\u011b se nejv\u00edce v\u011bnuje oblasti \u0161kolstv\u00ed \u010di udr\u017eitelnosti ve spojitosti s m\u00f3dou. Spole\u010dn\u011b s Martinem Bucht\u00edkem p\u0159ipravuje podcast Z\u00e1kulis\u00ed sociologie, kter\u00fd se skrze data sna\u017e\u00ed poslucha\u010dstvu p\u0159ibl\u00ed\u017eit aktu\u00e1ln\u00ed spole\u010densk\u00e1 t\u00e9mata. Vystudovala obor medi\u00e1ln\u00ed studia, \u017eurnalistika a sociologie na Masarykov\u011b univerzit\u011b v Brn\u011b a p\u016fsobila jako redaktorka t\u00fdden\u00edku Respekt.<\/span><\/p>\n<p>[\/et_pb_toggle][\/et_pb_column][et_pb_column type=&#8220;1_4&#8243; _builder_version=&#8220;4.20.0&#8243; _module_preset=&#8220;default&#8220; global_colors_info=&#8220;{}&#8220;][et_pb_image src=&#8220;https:\/\/www.ucimekvalitne.cz\/2023\/wp-content\/uploads\/2023\/03\/Sliva-Vitezslav.png&#8220; title_text=&#8220;Sliva Vitezslav2&#8243; align=&#8220;center&#8220; _builder_version=&#8220;4.20.2&#8243; _module_preset=&#8220;default&#8220; global_colors_info=&#8220;{}&#8220; src__hover_enabled=&#8220;on|desktop&#8220; src__hover=&#8220;https:\/\/www.ucimekvalitne.cz\/2023\/wp-content\/uploads\/2023\/03\/Sliva-Vitezslav2.png&#8220;][\/et_pb_image][et_pb_text _builder_version=&#8220;4.20.2&#8243; _module_preset=&#8220;default&#8220; text_font=&#8220;Axiforma||||||||&#8220; text_text_color=&#8220;#EF8192&#8243; text_font_size=&#8220;1.7rem&#8220; header_font=&#8220;Axiforma||||||||&#8220; text_orientation=&#8220;center&#8220; global_colors_info=&#8220;{}&#8220;]<\/p>\n<p>V\u00edt\u011bzslav Sl\u00edva<\/p>\n<p>[\/et_pb_text][et_pb_text _builder_version=&#8220;4.20.2&#8243; _module_preset=&#8220;default&#8220; text_font=&#8220;Axiforma||||||||&#8220; text_text_color=&#8220;#1A437E&#8220; text_font_size=&#8220;1.1rem&#8220; header_font=&#8220;Axiforma||||||||&#8220; text_orientation=&#8220;center&#8220; global_colors_info=&#8220;{}&#8220;]<\/p>\n<p><span style=\"font-weight: 400;\">Ministerstvo \u0161kolstv\u00ed, ml\u00e1de\u017ee a t\u011blov\u00fdchovy<\/span><\/p>\n<p>[\/et_pb_text][et_pb_toggle title=&#8220;Info&#8220; open_toggle_text_color=&#8220;#1A437E&#8220; open_toggle_background_color=&#8220;#FFFFFF&#8220; closed_toggle_background_color=&#8220;#FFFFFF&#8220; icon_color=&#8220;#1A437E&#8220; toggle_icon=&#8220;&#x22;||divi||400&#8243; open_icon_color=&#8220;#1A437E&#8220; open_toggle_icon=&#8220;&#x21;||divi||400&#8243; _builder_version=&#8220;4.20.2&#8243; _module_preset=&#8220;default&#8220; title_text_color=&#8220;#1A437E&#8220; title_font=&#8220;Axiforma|||on|||||&#8220; title_text_align=&#8220;left&#8220; closed_title_font=&#8220;Axiforma||||||||&#8220; body_font=&#8220;Axiforma||||||||&#8220; body_text_align=&#8220;left&#8220; body_text_color=&#8220;#1A437E&#8220; custom_margin=&#8220;20px||44px||false|false&#8220; border_color_all=&#8220;#D3DDE7&#8243; global_colors_info=&#8220;{}&#8220;]<\/p>\n<p><span style=\"font-weight: 400;\">V\u011b\u0159\u00edm v nezastupitelnou roli u\u010ditele jako pr\u016fvodce d\u011bt\u00ed, kter\u00fd jim pom\u00e1h\u00e1 v rozvoji soci\u00e1ln\u00edch a emo\u010dn\u00edch dovednost\u00ed, nap\u0159\u00edklad v tom, jak respektuj\u00edc\u00edm zp\u016fsobem komunikovat a splupracovat s ostatn\u00edmi d\u011btmi. V tom technologie a um\u011bl\u00e1 inteligence zat\u00edm a v\u011b\u0159\u00edm \u017ee ani do budoucna u\u010ditele nedk\u00e1\u017eou nahradit. Ve \u0161kole se ale daleko d\u016fle\u017eit\u011bj\u0161\u00edm \u00fakolem stane podpora rozvoje osobnosti \u017e\u00e1k\u016f ne\u017e p\u0159ed\u00e1v\u00e1n\u00ed poznatk\u016f a syst\u00e9m by na to m\u011bl za\u010d\u00edt co nejd\u0159\u00edve reagovat.<\/span><\/p>\n<p>&nbsp;<\/p>\n<p>[\/et_pb_toggle][et_pb_image src=&#8220;https:\/\/www.ucimekvalitne.cz\/2023\/wp-content\/uploads\/2023\/04\/Habarta-Tomas.png&#8220; title_text=&#8220;Habarta Tomas2&#8243; align=&#8220;center&#8220; _builder_version=&#8220;4.20.4&#8243; _module_preset=&#8220;default&#8220; custom_padding=&#8220;49px|||||&#8220; global_colors_info=&#8220;{}&#8220; src__hover_enabled=&#8220;on|hover&#8220; src__hover=&#8220;https:\/\/www.ucimekvalitne.cz\/2023\/wp-content\/uploads\/2023\/04\/Habarta-Tomas2.png&#8220;][\/et_pb_image][et_pb_text _builder_version=&#8220;4.20.4&#8243; _module_preset=&#8220;default&#8220; text_font=&#8220;Axiforma||||||||&#8220; text_text_color=&#8220;#EF8192&#8243; text_font_size=&#8220;1.7rem&#8220; header_font=&#8220;Axiforma||||||||&#8220; text_orientation=&#8220;center&#8220; global_colors_info=&#8220;{}&#8220;]<\/p>\n<p>Tom\u00e1\u0161 Habart<\/p>\n<p>[\/et_pb_text][et_pb_text _builder_version=&#8220;4.20.4&#8243; _module_preset=&#8220;default&#8220; text_font=&#8220;Axiforma||||||||&#8220; text_text_color=&#8220;#1A437E&#8220; text_font_size=&#8220;1.1rem&#8220; header_font=&#8220;Axiforma||||||||&#8220; text_orientation=&#8220;center&#8220; global_colors_info=&#8220;{}&#8220;]<\/p>\n<p><span style=\"font-weight: 400;\">\u010clov\u011bk v t\u00edsni<\/span><\/p>\n<p>[\/et_pb_text][et_pb_toggle title=&#8220;Info&#8220; open_toggle_text_color=&#8220;#1A437E&#8220; open_toggle_background_color=&#8220;#FFFFFF&#8220; closed_toggle_background_color=&#8220;#FFFFFF&#8220; icon_color=&#8220;#1A437E&#8220; toggle_icon=&#8220;&#x22;||divi||400&#8243; open_icon_color=&#8220;#1A437E&#8220; open_toggle_icon=&#8220;&#x21;||divi||400&#8243; _builder_version=&#8220;4.20.4&#8243; _module_preset=&#8220;default&#8220; title_text_color=&#8220;#1A437E&#8220; title_font=&#8220;Axiforma|||on|||||&#8220; title_text_align=&#8220;left&#8220; closed_title_font=&#8220;Axiforma||||||||&#8220; body_font=&#8220;Axiforma||||||||&#8220; body_text_align=&#8220;left&#8220; body_text_color=&#8220;#1A437E&#8220; custom_margin=&#8220;20px||||false|false&#8220; border_color_all=&#8220;#D3DDE7&#8243; global_colors_info=&#8220;{}&#8220;]<\/p>\n<p><span style=\"font-weight: 400;\">Absolvent FHS UK a romistiky na FF UK. Dlouhodob\u011b se v\u011bnuje vzd\u011bl\u00e1v\u00e1n\u00ed, zejm\u00e9na soci\u00e1ln\u011b znev\u00fdhodn\u011bn\u00fdch d\u011bt\u00ed. Od roku 2008 pracuje v \u010clov\u011bku v t\u00edsni v programu Varianty, kter\u00fd od roku 2016 vede. V\u011b\u0159\u00ed, \u017ee vzd\u011bl\u00e1v\u00e1n\u00ed m\u016f\u017ee b\u00fdt spole\u010densk\u00fdm v\u00fdtahem i pro d\u011bti chud\u00fdch a m\u00e1lo vzd\u011blan\u00fdch rodi\u010d\u016f, z \u010deho\u017e bude v d\u016fsledku profitovat cel\u00e1 spole\u010dnost. Podm\u00ednkou toho v\u0161ak je naru\u0161en\u00ed lok\u00e1ln\u00edch tich\u00fdch dohod, vedouc\u00edch k selekci d\u011bt\u00ed a k mezigenera\u010dn\u00ed reprodukci \u00farovn\u011b vzd\u011bl\u00e1n\u00ed.<\/span><\/p>\n<p>[\/et_pb_toggle][\/et_pb_column][et_pb_column type=&#8220;1_4&#8243; _builder_version=&#8220;4.20.0&#8243; _module_preset=&#8220;default&#8220; global_colors_info=&#8220;{}&#8220;][et_pb_image src=&#8220;https:\/\/www.ucimekvalitne.cz\/2023\/wp-content\/uploads\/2023\/04\/Dvorakova-Irena.png&#8220; title_text=&#8220;Dvorakova Irena2&#8243; align=&#8220;center&#8220; _builder_version=&#8220;4.20.4&#8243; _module_preset=&#8220;default&#8220; global_colors_info=&#8220;{}&#8220; src__hover_enabled=&#8220;on|hover&#8220; src__hover=&#8220;https:\/\/www.ucimekvalitne.cz\/2023\/wp-content\/uploads\/2023\/04\/Dvorakova-Irena2.png&#8220;][\/et_pb_image][et_pb_text _builder_version=&#8220;4.20.4&#8243; _module_preset=&#8220;default&#8220; text_font=&#8220;Axiforma||||||||&#8220; text_text_color=&#8220;#EF8192&#8243; text_font_size=&#8220;1.7rem&#8220; header_font=&#8220;Axiforma||||||||&#8220; text_orientation=&#8220;center&#8220; global_colors_info=&#8220;{}&#8220;]<\/p>\n<p>Irena Dvo\u0159\u00e1kov\u00e1<\/p>\n<p>[\/et_pb_text][et_pb_text _builder_version=&#8220;4.20.4&#8243; _module_preset=&#8220;default&#8220; text_font=&#8220;Axiforma||||||||&#8220; text_text_color=&#8220;#1A437E&#8220; text_font_size=&#8220;1.1rem&#8220; header_font=&#8220;Axiforma||||||||&#8220; text_orientation=&#8220;center&#8220; global_colors_info=&#8220;{}&#8220;]<\/p>\n<p><span style=\"font-weight: 400;\">Vedouc\u00ed projektu Heur\u00e9ka a vedouc\u00ed metodi\u010dka fyzik\u00e1ln\u00ed \u010d\u00e1sti projektu Elix\u00edr do \u0161kol<\/span><\/p>\n<p>[\/et_pb_text][et_pb_toggle title=&#8220;Info&#8220; open_toggle_text_color=&#8220;#1A437E&#8220; open_toggle_background_color=&#8220;#FFFFFF&#8220; closed_toggle_background_color=&#8220;#FFFFFF&#8220; icon_color=&#8220;#1A437E&#8220; toggle_icon=&#8220;&#x22;||divi||400&#8243; open_icon_color=&#8220;#1A437E&#8220; open_toggle_icon=&#8220;&#x21;||divi||400&#8243; _builder_version=&#8220;4.20.4&#8243; _module_preset=&#8220;default&#8220; title_text_color=&#8220;#1A437E&#8220; title_font=&#8220;Axiforma|||on|||||&#8220; title_text_align=&#8220;left&#8220; closed_title_font=&#8220;Axiforma||||||||&#8220; body_font=&#8220;Axiforma||||||||&#8220; body_text_align=&#8220;left&#8220; body_text_color=&#8220;#1A437E&#8220; custom_margin=&#8220;20px||||false|false&#8220; border_color_all=&#8220;#D3DDE7&#8243; global_colors_info=&#8220;{}&#8220;]<\/p>\n<p><span style=\"font-weight: 400;\">T\u0159icet let p\u016fsobila jako u\u010ditelka matematiky a fyziky na z\u00e1kladn\u00ed \u0161kole, od roku 2002 se pod\u00edl\u00ed na vzd\u011bl\u00e1v\u00e1n\u00ed budouc\u00edch u\u010ditel\u016f fyziky na Kated\u0159e didaktiky fyziky MFF UK Praha. Je spoluautorkou a vedouc\u00ed projektu heuristick\u00e9 v\u00fduky fyziky Heur\u00e9ka. Na v\u00edkendov\u00fdch semin\u00e1\u0159\u00edch Heur\u00e9ky se u\u010ditel\u00e9 &#8222;na vlastn\u00ed k\u016f\u017ei&#8220; seznamuj\u00ed s metodami a postupy v\u00fduky fyziky, p\u0159i kter\u00e9 se nep\u0159edn\u00e1\u0161\u00ed, ale \u017e\u00e1ci si fyzik\u00e1ln\u00ed z\u00e1konitosti objevuj\u00ed samy na z\u00e1klad\u011b experiment\u016f, ot\u00e1zek, \u00faloh. Je tak\u00e9 inici\u00e1torkou region\u00e1ln\u00edch center Elix\u00edru do \u0161kol, kde maj\u00ed u\u010ditel\u00e9 fyziky mo\u017enost na setk\u00e1n\u00edch s kolegy jednou za m\u011bs\u00edc sd\u00edlet svoje radosti i starosti z v\u00fduky, u\u010dit se nov\u00e9 v\u011bci, vyr\u00e1b\u011bt pom\u016fcky do v\u00fduky, atd.<\/span><\/p>\n<p>[\/et_pb_toggle][\/et_pb_column][\/et_pb_row][\/et_pb_section][et_pb_section fb_built=&#8220;1&#8243; module_id=&#8220;rocniky&#8220; _builder_version=&#8220;4.20.1&#8243; _module_preset=&#8220;default&#8220; custom_padding=&#8220;2vw||2vw||true|false&#8220; global_colors_info=&#8220;{}&#8220;][et_pb_row column_structure=&#8220;1_2,1_2&#8243; _builder_version=&#8220;4.20.2&#8243; _module_preset=&#8220;default&#8220; max_width=&#8220;1440px&#8220; custom_padding=&#8220;0px||0px||true|false&#8220; border_width_bottom=&#8220;5px&#8220; border_color_bottom=&#8220;#A6BCD0&#8243; global_colors_info=&#8220;{}&#8220;][et_pb_column type=&#8220;1_2&#8243; _builder_version=&#8220;4.20.0&#8243; _module_preset=&#8220;default&#8220; global_colors_info=&#8220;{}&#8220;][et_pb_text _builder_version=&#8220;4.20.2&#8243; _module_preset=&#8220;default&#8220; text_font=&#8220;Axiforma||||||||&#8220; header_font=&#8220;Axiforma||||||||&#8220; header_3_font=&#8220;Axiforma|600|||||||&#8220; header_3_text_align=&#8220;left&#8220; header_3_text_color=&#8220;#1A437E&#8220; header_3_font_size=&#8220;1.6rem&#8220; custom_margin=&#8220;||15px||false|false&#8220; global_colors_info=&#8220;{}&#8220;]<\/p>\n<h3>Minul\u00e9 ro\u010dn\u00edky<\/h3>\n<p>[\/et_pb_text][\/et_pb_column][et_pb_column type=&#8220;1_2&#8243; _builder_version=&#8220;4.20.0&#8243; _module_preset=&#8220;default&#8220; global_colors_info=&#8220;{}&#8220;][\/et_pb_column][\/et_pb_row][et_pb_row column_structure=&#8220;1_5,1_5,1_5,1_5,1_5&#8243; use_custom_gutter=&#8220;on&#8220; gutter_width=&#8220;2&#8243; make_equal=&#8220;on&#8220; _builder_version=&#8220;4.20.0&#8243; _module_preset=&#8220;default&#8220; max_width=&#8220;1440px&#8220; global_colors_info=&#8220;{}&#8220;][et_pb_column type=&#8220;1_5&#8243; _builder_version=&#8220;4.20.0&#8243; _module_preset=&#8220;default&#8220; global_colors_info=&#8220;{}&#8220;][et_pb_text _builder_version=&#8220;4.20.2&#8243; _module_preset=&#8220;default&#8220; text_font=&#8220;Axiforma||||||||&#8220; text_font_size=&#8220;13px&#8220; header_font=&#8220;Axiforma||||||||&#8220; header_4_font=&#8220;Barlow|300|||||||&#8220; header_4_text_align=&#8220;left&#8220; header_4_text_color=&#8220;#EF8192&#8243; header_4_font_size=&#8220;3.5rem&#8220; header_4_line_height=&#8220;1.3em&#8220; custom_margin=&#8220;||0px||false|false&#8220; global_colors_info=&#8220;{}&#8220;]<\/p>\n<h4>2022<\/h4>\n<p>[\/et_pb_text][et_pb_text _builder_version=&#8220;4.20.2&#8243; _module_preset=&#8220;default&#8220; text_font=&#8220;Axiforma||||||||&#8220; text_text_color=&#8220;#1A437E&#8220; text_font_size=&#8220;1rem&#8220; text_letter_spacing=&#8220;1px&#8220; text_line_height=&#8220;1.2em&#8220; header_font=&#8220;Axiforma||||||||&#8220; link_option_url=&#8220;https:\/\/www.youtube.com\/playlist?list=PLGIfU42RlmoYlP-4RNIEr79xOhNbgdoaT&#8220; link_option_url_new_window=&#8220;on&#8220; global_colors_info=&#8220;{}&#8220;]<\/p>\n<p>\u00dasp\u011bch pro ka\u017ed\u00e9ho \u017e\u00e1ka 2022<br \/><strong>P\u0159esta\u0148me se vymlouvat<\/strong><\/p>\n<p>[\/et_pb_text][\/et_pb_column][et_pb_column type=&#8220;1_5&#8243; _builder_version=&#8220;4.20.0&#8243; _module_preset=&#8220;default&#8220; global_colors_info=&#8220;{}&#8220;][et_pb_text _builder_version=&#8220;4.20.2&#8243; _module_preset=&#8220;default&#8220; text_font=&#8220;Axiforma||||||||&#8220; text_font_size=&#8220;13px&#8220; header_font=&#8220;Axiforma||||||||&#8220; header_4_font=&#8220;Barlow|300|||||||&#8220; header_4_text_align=&#8220;left&#8220; header_4_text_color=&#8220;#EF8192&#8243; header_4_font_size=&#8220;3.5rem&#8220; header_4_line_height=&#8220;1.3em&#8220; custom_margin=&#8220;||0px||false|false&#8220; global_colors_info=&#8220;{}&#8220;]<\/p>\n<h4>2021<\/h4>\n<p>[\/et_pb_text][et_pb_text _builder_version=&#8220;4.20.2&#8243; _module_preset=&#8220;default&#8220; text_font=&#8220;Axiforma||||||||&#8220; text_text_color=&#8220;#1A437E&#8220; text_font_size=&#8220;1rem&#8220; text_letter_spacing=&#8220;1px&#8220; text_line_height=&#8220;1.2em&#8220; header_font=&#8220;Axiforma||||||||&#8220; link_option_url=&#8220;https:\/\/slideslive.com\/skav\/uspech-pro-kazdeho-zaka-2021&#8243; link_option_url_new_window=&#8220;on&#8220; global_colors_info=&#8220;{}&#8220;]<\/p>\n<p>\u00dasp\u011bch pro ka\u017ed\u00e9ho \u017e\u00e1ka 2021<br \/><strong>Na vln\u011b zm\u011bny<\/strong><\/p>\n<p>[\/et_pb_text][\/et_pb_column][et_pb_column type=&#8220;1_5&#8243; _builder_version=&#8220;4.20.0&#8243; _module_preset=&#8220;default&#8220; global_colors_info=&#8220;{}&#8220;][et_pb_text _builder_version=&#8220;4.20.2&#8243; _module_preset=&#8220;default&#8220; text_font=&#8220;Axiforma||||||||&#8220; text_font_size=&#8220;13px&#8220; header_font=&#8220;Axiforma||||||||&#8220; header_4_font=&#8220;Barlow|300|||||||&#8220; header_4_text_align=&#8220;left&#8220; header_4_text_color=&#8220;#EF8192&#8243; header_4_font_size=&#8220;3.5rem&#8220; header_4_line_height=&#8220;1.3em&#8220; custom_margin=&#8220;||0px||false|false&#8220; global_colors_info=&#8220;{}&#8220;]<\/p>\n<h4>2020<\/h4>\n<p>[\/et_pb_text][et_pb_text _builder_version=&#8220;4.20.2&#8243; _module_preset=&#8220;default&#8220; text_font=&#8220;Axiforma||||||||&#8220; text_text_color=&#8220;#1A437E&#8220; text_font_size=&#8220;1rem&#8220; text_letter_spacing=&#8220;1px&#8220; text_line_height=&#8220;1.2em&#8220; header_font=&#8220;Axiforma||||||||&#8220; link_option_url=&#8220;https:\/\/ucimekvalitne.cz\/2020\/&#8220; link_option_url_new_window=&#8220;on&#8220; global_colors_info=&#8220;{}&#8220;]<\/p>\n<p>\u00dasp\u011bch pro ka\u017ed\u00e9ho \u017e\u00e1ka 2020<br \/><strong>Spole\u010dn\u011b to zvl\u00e1dneme<\/strong><\/p>\n<p>[\/et_pb_text][\/et_pb_column][et_pb_column type=&#8220;1_5&#8243; _builder_version=&#8220;4.20.0&#8243; _module_preset=&#8220;default&#8220; global_colors_info=&#8220;{}&#8220;][et_pb_text _builder_version=&#8220;4.20.2&#8243; _module_preset=&#8220;default&#8220; text_font=&#8220;Axiforma||||||||&#8220; text_font_size=&#8220;13px&#8220; header_font=&#8220;Axiforma||||||||&#8220; header_4_font=&#8220;Barlow|300|||||||&#8220; header_4_text_align=&#8220;left&#8220; header_4_text_color=&#8220;#EF8192&#8243; header_4_font_size=&#8220;3.5rem&#8220; header_4_line_height=&#8220;1.3em&#8220; custom_margin=&#8220;||0px||false|false&#8220; global_colors_info=&#8220;{}&#8220;]<\/p>\n<h4>2019<\/h4>\n<p>[\/et_pb_text][et_pb_text _builder_version=&#8220;4.20.2&#8243; _module_preset=&#8220;default&#8220; text_font=&#8220;Axiforma||||||||&#8220; text_text_color=&#8220;#1A437E&#8220; text_font_size=&#8220;1rem&#8220; text_letter_spacing=&#8220;1px&#8220; text_line_height=&#8220;1.2em&#8220; header_font=&#8220;Axiforma||||||||&#8220; link_option_url=&#8220;https:\/\/ucimekvalitne.cz\/2019\/&#8220; link_option_url_new_window=&#8220;on&#8220; global_colors_info=&#8220;{}&#8220;]<\/p>\n<p>\u00dasp\u011bch pro ka\u017ed\u00e9ho \u017e\u00e1ka 2019<br \/><strong>Data! Zvednou n\u00e1s ze \u017eidle?<\/strong><\/p>\n<p>[\/et_pb_text][\/et_pb_column][et_pb_column type=&#8220;1_5&#8243; _builder_version=&#8220;4.20.0&#8243; _module_preset=&#8220;default&#8220; global_colors_info=&#8220;{}&#8220;][et_pb_text _builder_version=&#8220;4.20.2&#8243; _module_preset=&#8220;default&#8220; text_font=&#8220;Axiforma||||||||&#8220; text_font_size=&#8220;13px&#8220; header_font=&#8220;Axiforma||||||||&#8220; header_4_font=&#8220;Barlow|300|||||||&#8220; header_4_text_align=&#8220;left&#8220; header_4_text_color=&#8220;#EF8192&#8243; header_4_font_size=&#8220;3.5rem&#8220; header_4_line_height=&#8220;1.3em&#8220; custom_margin=&#8220;||0px||false|false&#8220; global_colors_info=&#8220;{}&#8220;]<\/p>\n<h4>2018<\/h4>\n<p>[\/et_pb_text][et_pb_text _builder_version=&#8220;4.20.2&#8243; _module_preset=&#8220;default&#8220; text_font=&#8220;Axiforma||||||||&#8220; text_text_color=&#8220;#1A437E&#8220; text_font_size=&#8220;1rem&#8220; text_letter_spacing=&#8220;1px&#8220; text_line_height=&#8220;1.2em&#8220; header_font=&#8220;Axiforma||||||||&#8220; link_option_url=&#8220;https:\/\/ucimekvalitne.cz\/2018\/&#8220; link_option_url_new_window=&#8220;on&#8220; global_colors_info=&#8220;{}&#8220;]<\/p>\n<p>\u00dasp\u011bch pro ka\u017ed\u00e9ho \u017e\u00e1ka 2018<br \/><strong>Co (ne)v\u00edme o \u010dlov\u011bku<\/strong><\/p>\n<p>[\/et_pb_text][\/et_pb_column][\/et_pb_row][et_pb_row column_structure=&#8220;1_5,1_5,1_5,1_5,1_5&#8243; use_custom_gutter=&#8220;on&#8220; gutter_width=&#8220;2&#8243; make_equal=&#8220;on&#8220; _builder_version=&#8220;4.20.0&#8243; _module_preset=&#8220;default&#8220; max_width=&#8220;1440px&#8220; global_colors_info=&#8220;{}&#8220;][et_pb_column type=&#8220;1_5&#8243; _builder_version=&#8220;4.20.0&#8243; _module_preset=&#8220;default&#8220; global_colors_info=&#8220;{}&#8220;][et_pb_text _builder_version=&#8220;4.20.2&#8243; _module_preset=&#8220;default&#8220; text_font=&#8220;Axiforma||||||||&#8220; text_font_size=&#8220;13px&#8220; header_font=&#8220;Axiforma||||||||&#8220; header_4_font=&#8220;Barlow|300|||||||&#8220; header_4_text_align=&#8220;left&#8220; header_4_text_color=&#8220;#EF8192&#8243; header_4_font_size=&#8220;3.5rem&#8220; header_4_line_height=&#8220;1.3em&#8220; custom_margin=&#8220;||0px||false|false&#8220; global_colors_info=&#8220;{}&#8220;]<\/p>\n<h4>2017<\/h4>\n<p>[\/et_pb_text][et_pb_text _builder_version=&#8220;4.20.2&#8243; _module_preset=&#8220;default&#8220; text_font=&#8220;Axiforma||||||||&#8220; text_text_color=&#8220;#1A437E&#8220; text_font_size=&#8220;1rem&#8220; text_letter_spacing=&#8220;1px&#8220; text_line_height=&#8220;1.2em&#8220; header_font=&#8220;Axiforma||||||||&#8220; link_option_url=&#8220;https:\/\/ucimekvalitne.cz\/2017\/&#8220; link_option_url_new_window=&#8220;on&#8220; global_colors_info=&#8220;{}&#8220;]<\/p>\n<p>\u00dasp\u011bch pro ka\u017ed\u00e9ho \u017e\u00e1ka 2017<br \/><strong>\u0160kola ve sv\u011btle <\/strong><strong>celospole\u010densk\u00fdch zm\u011bn<\/strong><\/p>\n<p>[\/et_pb_text][\/et_pb_column][et_pb_column type=&#8220;1_5&#8243; _builder_version=&#8220;4.20.0&#8243; _module_preset=&#8220;default&#8220; global_colors_info=&#8220;{}&#8220;][et_pb_text _builder_version=&#8220;4.20.2&#8243; _module_preset=&#8220;default&#8220; text_font=&#8220;Axiforma||||||||&#8220; text_font_size=&#8220;13px&#8220; header_font=&#8220;Axiforma||||||||&#8220; header_4_font=&#8220;Barlow|300|||||||&#8220; header_4_text_align=&#8220;left&#8220; header_4_text_color=&#8220;#EF8192&#8243; header_4_font_size=&#8220;3.5rem&#8220; header_4_line_height=&#8220;1.3em&#8220; custom_margin=&#8220;||0px||false|false&#8220; global_colors_info=&#8220;{}&#8220;]<\/p>\n<h4>2016<\/h4>\n<p>[\/et_pb_text][et_pb_text _builder_version=&#8220;4.20.2&#8243; _module_preset=&#8220;default&#8220; text_font=&#8220;Axiforma||||||||&#8220; text_text_color=&#8220;#1A437E&#8220; text_font_size=&#8220;1rem&#8220; text_letter_spacing=&#8220;1px&#8220; text_line_height=&#8220;1.2em&#8220; header_font=&#8220;Axiforma||||||||&#8220; link_option_url=&#8220;https:\/\/ucimekvalitne.cz\/2016\/&#8220; link_option_url_new_window=&#8220;on&#8220; global_colors_info=&#8220;{}&#8220;]<\/p>\n<p>\u00dasp\u011bch pro ka\u017ed\u00e9ho \u017e\u00e1ka 2016<br \/><strong>Spolupr\u00e1ce jako kl\u00ed\u010d k \u00fasp\u011bchu<\/strong><\/p>\n<p>[\/et_pb_text][\/et_pb_column][et_pb_column type=&#8220;1_5&#8243; _builder_version=&#8220;4.20.0&#8243; _module_preset=&#8220;default&#8220; global_colors_info=&#8220;{}&#8220;][et_pb_text _builder_version=&#8220;4.20.2&#8243; _module_preset=&#8220;default&#8220; text_font=&#8220;Axiforma||||||||&#8220; text_font_size=&#8220;13px&#8220; header_font=&#8220;Axiforma||||||||&#8220; header_4_font=&#8220;Barlow|300|||||||&#8220; header_4_text_align=&#8220;left&#8220; header_4_text_color=&#8220;#EF8192&#8243; header_4_font_size=&#8220;3.5rem&#8220; header_4_line_height=&#8220;1.3em&#8220; custom_margin=&#8220;||0px||false|false&#8220; global_colors_info=&#8220;{}&#8220;]<\/p>\n<h4>2015<\/h4>\n<p>[\/et_pb_text][et_pb_text _builder_version=&#8220;4.20.2&#8243; _module_preset=&#8220;default&#8220; text_font=&#8220;Axiforma||||||||&#8220; text_text_color=&#8220;#1A437E&#8220; text_font_size=&#8220;1rem&#8220; text_letter_spacing=&#8220;1px&#8220; text_line_height=&#8220;1.2em&#8220; header_font=&#8220;Axiforma||||||||&#8220; link_option_url=&#8220;https:\/\/ucimekvalitne.cz\/2015\/&#8220; link_option_url_new_window=&#8220;on&#8220; global_colors_info=&#8220;{}&#8220;]<\/p>\n<p>\u00dasp\u011bch pro ka\u017ed\u00e9ho \u017e\u00e1ka 2015<br \/><strong>Jak spole\u010dn\u011b vytv\u00e1\u0159et kulturu vzd\u011bl\u00e1v\u00e1n\u00ed zam\u011b\u0159enou na \u00fasp\u011bch pro ka\u017ed\u00e9ho \u017e\u00e1ka<\/strong><\/p>\n<p>[\/et_pb_text][\/et_pb_column][et_pb_column type=&#8220;1_5&#8243; _builder_version=&#8220;4.20.0&#8243; _module_preset=&#8220;default&#8220; global_colors_info=&#8220;{}&#8220;][et_pb_text _builder_version=&#8220;4.20.2&#8243; _module_preset=&#8220;default&#8220; text_font=&#8220;Axiforma||||||||&#8220; text_font_size=&#8220;13px&#8220; header_font=&#8220;Axiforma||||||||&#8220; header_4_font=&#8220;Barlow|300|||||||&#8220; header_4_text_align=&#8220;left&#8220; header_4_text_color=&#8220;#EF8192&#8243; header_4_font_size=&#8220;3.5rem&#8220; header_4_line_height=&#8220;1.3em&#8220; custom_margin=&#8220;||0px||false|false&#8220; global_colors_info=&#8220;{}&#8220;]<\/p>\n<h4>2014<\/h4>\n<p>[\/et_pb_text][et_pb_text _builder_version=&#8220;4.20.2&#8243; _module_preset=&#8220;default&#8220; text_font=&#8220;Axiforma||||||||&#8220; text_text_color=&#8220;#1A437E&#8220; text_font_size=&#8220;1rem&#8220; text_letter_spacing=&#8220;1px&#8220; text_line_height=&#8220;1.2em&#8220; header_font=&#8220;Axiforma||||||||&#8220; link_option_url=&#8220;https:\/\/ucimekvalitne.cz\/2014\/&#8220; link_option_url_new_window=&#8220;on&#8220; global_colors_info=&#8220;{}&#8220;]<\/p>\n<p>\u00dasp\u011bch pro ka\u017ed\u00e9ho \u017e\u00e1ka 2014<br \/><strong>Vz\u00e1jemn\u011b se u\u010d\u00edme podporovat u\u010ditele, aby ka\u017ed\u00fd \u017e\u00e1k za\u017e\u00edval \u00fasp\u011bch<\/strong><\/p>\n<p>[\/et_pb_text][\/et_pb_column][et_pb_column type=&#8220;1_5&#8243; _builder_version=&#8220;4.20.0&#8243; _module_preset=&#8220;default&#8220; global_colors_info=&#8220;{}&#8220;][et_pb_text _builder_version=&#8220;4.20.2&#8243; _module_preset=&#8220;default&#8220; text_font=&#8220;Axiforma||||||||&#8220; text_font_size=&#8220;13px&#8220; header_font=&#8220;Axiforma||||||||&#8220; header_4_font=&#8220;Barlow|300|||||||&#8220; header_4_text_align=&#8220;left&#8220; header_4_text_color=&#8220;#EF8192&#8243; header_4_font_size=&#8220;3.5rem&#8220; header_4_line_height=&#8220;1.3em&#8220; custom_margin=&#8220;||0px||false|false&#8220; global_colors_info=&#8220;{}&#8220;]<\/p>\n<h4>2013<\/h4>\n<p>[\/et_pb_text][et_pb_text _builder_version=&#8220;4.20.2&#8243; _module_preset=&#8220;default&#8220; text_font=&#8220;Axiforma||||||||&#8220; text_text_color=&#8220;#1A437E&#8220; text_font_size=&#8220;1rem&#8220; text_letter_spacing=&#8220;1px&#8220; text_line_height=&#8220;1.2em&#8220; header_font=&#8220;Axiforma||||||||&#8220; link_option_url=&#8220;https:\/\/ucimekvalitne.cz\/2013\/&#8220; link_option_url_new_window=&#8220;on&#8220; global_colors_info=&#8220;{}&#8220;]<\/p>\n<p>\u00dasp\u011bch pro ka\u017ed\u00e9ho \u017e\u00e1ka 2013<br \/><strong>Kvalitn\u00ed v\u00fduka pro ka\u017ed\u00e9 d\u00edt\u011b v ka\u017ed\u00e9 \u0161kole<\/strong><\/p>\n<p>[\/et_pb_text][\/et_pb_column][\/et_pb_row][\/et_pb_section][et_pb_section fb_built=&#8220;1&#8243; module_id=&#8220;kontakt&#8220; _builder_version=&#8220;4.20.0&#8243; _module_preset=&#8220;default&#8220; custom_margin=&#8220;-29px|||||&#8220; global_colors_info=&#8220;{}&#8220;][et_pb_row column_structure=&#8220;1_2,1_2&#8243; _builder_version=&#8220;4.20.0&#8243; _module_preset=&#8220;default&#8220; max_width=&#8220;1440px&#8220; custom_padding=&#8220;0px||0px||true|false&#8220; border_width_bottom=&#8220;5px&#8220; border_color_bottom=&#8220;#A6BCD0&#8243; global_colors_info=&#8220;{}&#8220;][et_pb_column type=&#8220;1_2&#8243; _builder_version=&#8220;4.20.0&#8243; _module_preset=&#8220;default&#8220; global_colors_info=&#8220;{}&#8220;][et_pb_text _builder_version=&#8220;4.20.2&#8243; _module_preset=&#8220;default&#8220; text_font=&#8220;Axiforma||||||||&#8220; header_font=&#8220;Axiforma||||||||&#8220; header_3_font=&#8220;Axiforma|600|||||||&#8220; header_3_text_align=&#8220;left&#8220; header_3_text_color=&#8220;#1A437E&#8220; header_3_font_size=&#8220;1.6rem&#8220; custom_margin=&#8220;||15px||false|false&#8220; global_colors_info=&#8220;{}&#8220;]<\/p>\n<h3>Kontakt<\/h3>\n<p>[\/et_pb_text][\/et_pb_column][et_pb_column type=&#8220;1_2&#8243; _builder_version=&#8220;4.20.0&#8243; _module_preset=&#8220;default&#8220; global_colors_info=&#8220;{}&#8220;][\/et_pb_column][\/et_pb_row][et_pb_row column_structure=&#8220;1_4,1_2,1_4&#8243; use_custom_gutter=&#8220;on&#8220; gutter_width=&#8220;1&#8243; _builder_version=&#8220;4.20.0&#8243; _module_preset=&#8220;default&#8220; max_width=&#8220;1440px&#8220; custom_margin=&#8220;|auto|-22px|auto||&#8220; custom_padding=&#8220;0px||0px||true|false&#8220; border_width_bottom=&#8220;2px&#8220; border_color_bottom=&#8220;#1A437E&#8220; global_colors_info=&#8220;{}&#8220;][et_pb_column type=&#8220;1_4&#8243; _builder_version=&#8220;4.20.0&#8243; _module_preset=&#8220;default&#8220; global_colors_info=&#8220;{}&#8220;][et_pb_text _builder_version=&#8220;4.20.2&#8243; _module_preset=&#8220;default&#8220; text_font=&#8220;Axiforma|700|||||||&#8220; text_text_color=&#8220;#EF8192&#8243; text_font_size=&#8220;1rem&#8220; header_font=&#8220;Axiforma||||||||&#8220; custom_margin=&#8220;25px||0px||false|false&#8220; global_colors_info=&#8220;{}&#8220;]<\/p>\n<p>Zde\u0148ka And\u011blov\u00e1<\/p>\n<p>[\/et_pb_text][et_pb_text _builder_version=&#8220;4.20.2&#8243; _module_preset=&#8220;default&#8220; text_font=&#8220;Axiforma||||||||&#8220; text_text_color=&#8220;#272727&#8243; text_font_size=&#8220;1rem&#8220; link_font=&#8220;|700|||on|||#1A437E|&#8220; link_text_align=&#8220;left&#8220; link_text_color=&#8220;#1A437E&#8220; header_font=&#8220;Axiforma||||||||&#8220; custom_margin=&#8220;||25px||false|false&#8220; global_colors_info=&#8220;{}&#8220;]<\/p>\n<p><a href=\"mailto:produkce@skav.cz\">produkce@skav.cz<\/a><\/p>\n<p>[\/et_pb_text][\/et_pb_column][et_pb_column type=&#8220;1_2&#8243; _builder_version=&#8220;4.20.0&#8243; _module_preset=&#8220;default&#8220; global_colors_info=&#8220;{}&#8220;][et_pb_text _builder_version=&#8220;4.20.2&#8243; _module_preset=&#8220;default&#8220; text_font=&#8220;Axiforma|700|||||||&#8220; text_text_color=&#8220;#EF8192&#8243; text_font_size=&#8220;1rem&#8220; header_font=&#8220;Axiforma||||||||&#8220; custom_margin=&#8220;25px||0px||false|false&#8220; global_colors_info=&#8220;{}&#8220;]<\/p>\n<p>St\u00e1l\u00e1 konference asociac\u00ed ve vzd\u011bl\u00e1v\u00e1n\u00ed, z. s.<\/p>\n<p>[\/et_pb_text][et_pb_text _builder_version=&#8220;4.20.2&#8243; _module_preset=&#8220;default&#8220; text_font=&#8220;Axiforma||||||||&#8220; text_text_color=&#8220;#272727&#8243; text_font_size=&#8220;1rem&#8220; link_font=&#8220;|700|||on|||#1A437E|&#8220; link_text_align=&#8220;left&#8220; link_text_color=&#8220;#1A437E&#8220; header_font=&#8220;Axiforma||||||||&#8220; custom_margin=&#8220;||25px||false|false&#8220; global_colors_info=&#8220;{}&#8220;]<\/p>\n<p><a href=\"https:\/\/skav.cz\" target=\"_blank\" rel=\"noopener\">skav.cz<\/a><\/p>\n<p>[\/et_pb_text][\/et_pb_column][et_pb_column type=&#8220;1_4&#8243; _builder_version=&#8220;4.20.0&#8243; _module_preset=&#8220;default&#8220; global_colors_info=&#8220;{}&#8220;][et_pb_social_media_follow _builder_version=&#8220;4.20.0&#8243; _module_preset=&#8220;default&#8220; text_orientation=&#8220;right&#8220; global_colors_info=&#8220;{}&#8220;][et_pb_social_media_follow_network social_network=&#8220;facebook&#8220; url=&#8220;https:\/\/www.facebook.com\/events\/1268994987330095&#8243; icon_color=&#8220;#1A437E&#8220; use_icon_font_size=&#8220;on&#8220; icon_font_size=&#8220;45px&#8220; _builder_version=&#8220;4.20.0&#8243; _module_preset=&#8220;default&#8220; background_color=&#8220;#FFFFFF&#8220; background_enable_color=&#8220;on&#8220; custom_margin=&#8220;20px||20px||true|false&#8220; border_radii=&#8220;on|100px|100px|100px|100px&#8220; border_width_all=&#8220;2px&#8220; border_color_all=&#8220;#1A437E&#8220; global_colors_info=&#8220;{}&#8220; follow_button=&#8220;off&#8220; url_new_window=&#8220;on&#8220;]facebook[\/et_pb_social_media_follow_network][\/et_pb_social_media_follow][\/et_pb_column][\/et_pb_row][et_pb_row _builder_version=&#8220;4.20.2&#8243; _module_preset=&#8220;default&#8220; global_colors_info=&#8220;{}&#8220;][et_pb_column type=&#8220;4_4&#8243; _builder_version=&#8220;4.20.2&#8243; _module_preset=&#8220;default&#8220; global_colors_info=&#8220;{}&#8220;][et_pb_text _builder_version=&#8220;4.20.2&#8243; _module_preset=&#8220;default&#8220; text_font=&#8220;Axiforma||||||||&#8220; text_text_color=&#8220;#1A437E&#8220; text_font_size=&#8220;24px&#8220; global_colors_info=&#8220;{}&#8220;]<\/p>\n<p>Po\u0159adatel<\/p>\n<p>[\/et_pb_text][\/et_pb_column][\/et_pb_row][et_pb_row column_structure=&#8220;1_5,1_5,1_5,1_5,1_5&#8243; make_equal=&#8220;on&#8220; _builder_version=&#8220;4.20.2&#8243; _module_preset=&#8220;default&#8220; max_width=&#8220;1440px&#8220; custom_css_main_element=&#8220;align-items:center;&#8220; global_colors_info=&#8220;{}&#8220;][et_pb_column type=&#8220;1_5&#8243; _builder_version=&#8220;4.20.0&#8243; _module_preset=&#8220;default&#8220; global_colors_info=&#8220;{}&#8220;][et_pb_image src=&#8220;https:\/\/www.ucimekvalitne.cz\/2023\/wp-content\/uploads\/2023\/03\/UPKZ_barva.svg&#8220; title_text=&#8220;UPKZ_barva&#8220; url=&#8220;https:\/\/www.uspechzaka.cz\/&#8220; url_new_window=&#8220;on&#8220; _builder_version=&#8220;4.20.2&#8243; _module_preset=&#8220;default&#8220; global_colors_info=&#8220;{}&#8220;][\/et_pb_image][\/et_pb_column][et_pb_column type=&#8220;1_5&#8243; _builder_version=&#8220;4.20.0&#8243; _module_preset=&#8220;default&#8220; global_colors_info=&#8220;{}&#8220;][et_pb_image src=&#8220;https:\/\/www.ucimekvalitne.cz\/2023\/wp-content\/uploads\/2023\/03\/SKAV_barva.svg&#8220; title_text=&#8220;SKAV_barva&#8220; url=&#8220;https:\/\/skav.cz\/&#8220; url_new_window=&#8220;on&#8220; _builder_version=&#8220;4.20.2&#8243; _module_preset=&#8220;default&#8220; global_colors_info=&#8220;{}&#8220;][\/et_pb_image][\/et_pb_column][et_pb_column type=&#8220;1_5&#8243; _builder_version=&#8220;4.20.0&#8243; _module_preset=&#8220;default&#8220; global_colors_info=&#8220;{}&#8220;][\/et_pb_column][et_pb_column type=&#8220;1_5&#8243; _builder_version=&#8220;4.20.0&#8243; _module_preset=&#8220;default&#8220; global_colors_info=&#8220;{}&#8220;][\/et_pb_column][et_pb_column type=&#8220;1_5&#8243; _builder_version=&#8220;4.20.0&#8243; _module_preset=&#8220;default&#8220; global_colors_info=&#8220;{}&#8220;][\/et_pb_column][\/et_pb_row][et_pb_row _builder_version=&#8220;4.20.2&#8243; _module_preset=&#8220;default&#8220; global_colors_info=&#8220;{}&#8220;][et_pb_column type=&#8220;4_4&#8243; _builder_version=&#8220;4.20.2&#8243; _module_preset=&#8220;default&#8220; global_colors_info=&#8220;{}&#8220;][et_pb_text _builder_version=&#8220;4.20.2&#8243; _module_preset=&#8220;default&#8220; text_font=&#8220;Axiforma||||||||&#8220; text_text_color=&#8220;#1A437E&#8220; text_font_size=&#8220;24px&#8220; header_font=&#8220;Axiforma||||||||&#8220; header_text_color=&#8220;#1A437E&#8220; global_colors_info=&#8220;{}&#8220;]<\/p>\n<p>Partne\u0159i<\/p>\n<p>[\/et_pb_text][\/et_pb_column][\/et_pb_row][et_pb_row column_structure=&#8220;1_5,1_5,1_5,1_5,1_5&#8243; make_equal=&#8220;on&#8220; _builder_version=&#8220;4.20.0&#8243; _module_preset=&#8220;default&#8220; max_width=&#8220;1440px&#8220; custom_css_main_element=&#8220;align-items:center;&#8220; global_colors_info=&#8220;{}&#8220;][et_pb_column type=&#8220;1_5&#8243; _builder_version=&#8220;4.20.0&#8243; _module_preset=&#8220;default&#8220; global_colors_info=&#8220;{}&#8220;][et_pb_image src=&#8220;https:\/\/www.ucimekvalitne.cz\/2023\/wp-content\/uploads\/2023\/03\/Nadace-CS.svg&#8220; title_text=&#8220;Nadace-CS&#8220; url=&#8220;https:\/\/www.nadacecs.cz\/&#8220; url_new_window=&#8220;on&#8220; _builder_version=&#8220;4.20.2&#8243; _module_preset=&#8220;default&#8220; global_colors_info=&#8220;{}&#8220;][\/et_pb_image][\/et_pb_column][et_pb_column type=&#8220;1_5&#8243; _builder_version=&#8220;4.20.0&#8243; _module_preset=&#8220;default&#8220; global_colors_info=&#8220;{}&#8220;][et_pb_image src=&#8220;https:\/\/www.ucimekvalitne.cz\/2023\/wp-content\/uploads\/2023\/03\/Pomahame-skolam-k-uspechu.svg&#8220; title_text=&#8220;Pomahame-skolam-k-uspechu&#8220; url=&#8220;https:\/\/www.kellnerfoundation.cz\/pomahame-skolam-k-uspechu&#8220; url_new_window=&#8220;on&#8220; align=&#8220;center&#8220; _builder_version=&#8220;4.20.2&#8243; _module_preset=&#8220;default&#8220; global_colors_info=&#8220;{}&#8220;][\/et_pb_image][\/et_pb_column][et_pb_column type=&#8220;1_5&#8243; _builder_version=&#8220;4.20.0&#8243; _module_preset=&#8220;default&#8220; global_colors_info=&#8220;{}&#8220;][et_pb_image src=&#8220;https:\/\/www.ucimekvalitne.cz\/2023\/wp-content\/uploads\/2023\/03\/MSMT.svg&#8220; title_text=&#8220;MSMT&#8220; url=&#8220;https:\/\/www.msmt.cz\/&#8220; url_new_window=&#8220;on&#8220; align=&#8220;center&#8220; _builder_version=&#8220;4.20.2&#8243; _module_preset=&#8220;default&#8220; global_colors_info=&#8220;{}&#8220;][\/et_pb_image][\/et_pb_column][et_pb_column type=&#8220;1_5&#8243; _builder_version=&#8220;4.20.0&#8243; _module_preset=&#8220;default&#8220; global_colors_info=&#8220;{}&#8220;][et_pb_image src=&#8220;https:\/\/www.ucimekvalitne.cz\/2023\/wp-content\/uploads\/2023\/03\/EDUin.svg&#8220; title_text=&#8220;EDUin&#8220; url=&#8220;https:\/\/www.eduin.cz\/&#8220; url_new_window=&#8220;on&#8220; _builder_version=&#8220;4.20.2&#8243; _module_preset=&#8220;default&#8220; global_colors_info=&#8220;{}&#8220;][\/et_pb_image][\/et_pb_column][et_pb_column type=&#8220;1_5&#8243; _builder_version=&#8220;4.20.0&#8243; _module_preset=&#8220;default&#8220; global_colors_info=&#8220;{}&#8220;][et_pb_image src=&#8220;https:\/\/www.ucimekvalitne.cz\/2023\/wp-content\/uploads\/2023\/03\/DOX.svg&#8220; title_text=&#8220;DOX&#8220; url=&#8220;https:\/\/www.dox.cz\/&#8220; url_new_window=&#8220;on&#8220; align=&#8220;center&#8220; _builder_version=&#8220;4.20.2&#8243; _module_preset=&#8220;default&#8220; global_colors_info=&#8220;{}&#8220;][\/et_pb_image][\/et_pb_column][\/et_pb_row][et_pb_row column_structure=&#8220;1_5,1_5,1_5,1_5,1_5&#8243; make_equal=&#8220;on&#8220; _builder_version=&#8220;4.20.0&#8243; _module_preset=&#8220;default&#8220; max_width=&#8220;1440px&#8220; min_height=&#8220;130.1px&#8220; custom_padding=&#8220;||33px|||&#8220; custom_css_main_element=&#8220;align-items:center;&#8220; global_colors_info=&#8220;{}&#8220;][et_pb_column type=&#8220;1_5&#8243; _builder_version=&#8220;4.20.0&#8243; _module_preset=&#8220;default&#8220; global_colors_info=&#8220;{}&#8220;][et_pb_image src=&#8220;https:\/\/www.ucimekvalitne.cz\/2023\/wp-content\/uploads\/2023\/03\/P2030.svg&#8220; title_text=&#8220;P2030&#8243; url=&#8220;https:\/\/partnerstvi2030.cz\/&#8220; url_new_window=&#8220;on&#8220; _builder_version=&#8220;4.20.2&#8243; _module_preset=&#8220;default&#8220; global_colors_info=&#8220;{}&#8220;][\/et_pb_image][\/et_pb_column][et_pb_column type=&#8220;1_5&#8243; _builder_version=&#8220;4.20.0&#8243; _module_preset=&#8220;default&#8220; global_colors_info=&#8220;{}&#8220;][et_pb_image src=&#8220;https:\/\/www.ucimekvalitne.cz\/2023\/wp-content\/uploads\/2023\/04\/ver_black_icon_textHoriz.png&#8220; title_text=&#8220;ver_black_icon_textHoriz&#8220; url=&#8220;https:\/\/verticalproduction.cz\/&#8220; url_new_window=&#8220;on&#8220; _builder_version=&#8220;4.20.4&#8243; _module_preset=&#8220;default&#8220; global_colors_info=&#8220;{}&#8220;][\/et_pb_image][\/et_pb_column][et_pb_column type=&#8220;1_5&#8243; _builder_version=&#8220;4.20.0&#8243; _module_preset=&#8220;default&#8220; global_colors_info=&#8220;{}&#8220;][\/et_pb_column][et_pb_column type=&#8220;1_5&#8243; _builder_version=&#8220;4.20.0&#8243; _module_preset=&#8220;default&#8220; global_colors_info=&#8220;{}&#8220;][\/et_pb_column][et_pb_column type=&#8220;1_5&#8243; _builder_version=&#8220;4.20.0&#8243; _module_preset=&#8220;default&#8220; global_colors_info=&#8220;{}&#8220;][\/et_pb_column][\/et_pb_row][et_pb_row _builder_version=&#8220;4.20.2&#8243; _module_preset=&#8220;default&#8220; global_colors_info=&#8220;{}&#8220;][et_pb_column type=&#8220;4_4&#8243; _builder_version=&#8220;4.20.2&#8243; _module_preset=&#8220;default&#8220; global_colors_info=&#8220;{}&#8220;][et_pb_text _builder_version=&#8220;4.20.2&#8243; _module_preset=&#8220;default&#8220; text_font=&#8220;Axiforma||||||||&#8220; text_text_color=&#8220;#1A437E&#8220; text_font_size=&#8220;24px&#8220; global_colors_info=&#8220;{}&#8220;]<\/p>\n<p>Medi\u00e1ln\u00ed partne\u0159i<\/p>\n<p>[\/et_pb_text][\/et_pb_column][\/et_pb_row][et_pb_row column_structure=&#8220;1_5,1_5,1_5,1_5,1_5&#8243; make_equal=&#8220;on&#8220; _builder_version=&#8220;4.20.0&#8243; _module_preset=&#8220;default&#8220; max_width=&#8220;1440px&#8220; custom_padding=&#8220;8px|||||&#8220; custom_css_main_element=&#8220;align-items:center;&#8220; global_colors_info=&#8220;{}&#8220;][et_pb_column type=&#8220;1_5&#8243; _builder_version=&#8220;4.20.0&#8243; _module_preset=&#8220;default&#8220; global_colors_info=&#8220;{}&#8220;][et_pb_image src=&#8220;https:\/\/www.ucimekvalitne.cz\/2023\/wp-content\/uploads\/2023\/03\/Rizeni-skoly.svg&#8220; title_text=&#8220;Rizeni-skoly&#8220; url=&#8220;https:\/\/www.rizeniskoly.cz\/&#8220; url_new_window=&#8220;on&#8220; _builder_version=&#8220;4.20.2&#8243; _module_preset=&#8220;default&#8220; global_colors_info=&#8220;{}&#8220;][\/et_pb_image][\/et_pb_column][et_pb_column type=&#8220;1_5&#8243; _builder_version=&#8220;4.20.0&#8243; _module_preset=&#8220;default&#8220; global_colors_info=&#8220;{}&#8220;][et_pb_image src=&#8220;https:\/\/www.ucimekvalitne.cz\/2023\/wp-content\/uploads\/2023\/03\/EDUin.svg&#8220; title_text=&#8220;EDUin&#8220; url=&#8220;https:\/\/www.eduin.cz\/&#8220; url_new_window=&#8220;on&#8220; _builder_version=&#8220;4.20.2&#8243; _module_preset=&#8220;default&#8220; global_colors_info=&#8220;{}&#8220;][\/et_pb_image][\/et_pb_column][et_pb_column type=&#8220;1_5&#8243; _builder_version=&#8220;4.20.0&#8243; _module_preset=&#8220;default&#8220; global_colors_info=&#8220;{}&#8220;][\/et_pb_column][et_pb_column type=&#8220;1_5&#8243; _builder_version=&#8220;4.20.0&#8243; _module_preset=&#8220;default&#8220; global_colors_info=&#8220;{}&#8220;][\/et_pb_column][et_pb_column type=&#8220;1_5&#8243; _builder_version=&#8220;4.20.0&#8243; _module_preset=&#8220;default&#8220; global_colors_info=&#8220;{}&#8220;][\/et_pb_column][\/et_pb_row][et_pb_row _builder_version=&#8220;4.20.2&#8243; _module_preset=&#8220;default&#8220; global_colors_info=&#8220;{}&#8220;][et_pb_column type=&#8220;4_4&#8243; _builder_version=&#8220;4.20.2&#8243; _module_preset=&#8220;default&#8220; global_colors_info=&#8220;{}&#8220;][et_pb_text _builder_version=&#8220;4.20.2&#8243; _module_preset=&#8220;default&#8220; text_font=&#8220;Axiforma||||||||&#8220; text_text_color=&#8220;#1A437E&#8220; text_font_size=&#8220;24px&#8220; global_colors_info=&#8220;{}&#8220;]<\/p>\n<p>Z\u00e1\u0161tity<\/p>\n<p>[\/et_pb_text][\/et_pb_column][\/et_pb_row][et_pb_row column_structure=&#8220;1_5,1_5,1_5,1_5,1_5&#8243; make_equal=&#8220;on&#8220; _builder_version=&#8220;4.21.0&#8243; _module_preset=&#8220;default&#8220; max_width=&#8220;1440px&#8220; hover_enabled=&#8220;0&#8243; custom_css_main_element=&#8220;align-items:center;&#8220; global_colors_info=&#8220;{}&#8220; sticky_enabled=&#8220;0&#8243;][et_pb_column type=&#8220;1_5&#8243; _builder_version=&#8220;4.20.0&#8243; _module_preset=&#8220;default&#8220; global_colors_info=&#8220;{}&#8220;][et_pb_image src=&#8220;https:\/\/www.ucimekvalitne.cz\/2023\/wp-content\/uploads\/2023\/03\/logo_MSMT.svg&#8220; title_text=&#8220;logo_MSMT&#8220; url=&#8220;https:\/\/www.msmt.cz\/&#8220; url_new_window=&#8220;on&#8220; _builder_version=&#8220;4.20.4&#8243; _module_preset=&#8220;default&#8220; global_colors_info=&#8220;{}&#8220;][\/et_pb_image][\/et_pb_column][et_pb_column type=&#8220;1_5&#8243; _builder_version=&#8220;4.20.0&#8243; _module_preset=&#8220;default&#8220; global_colors_info=&#8220;{}&#8220;][et_pb_image src=&#8220;https:\/\/www.ucimekvalitne.cz\/2023\/wp-content\/uploads\/2023\/04\/Priloha-bez-nazvu_-00519.gif&#8220; title_text=&#8220;P\u0159\u00edloha bez n\u00e1zvu_ 00519&#8243; url=&#8220;https:\/\/www.vlada.cz\/&#8220; url_new_window=&#8220;on&#8220; _builder_version=&#8220;4.20.4&#8243; _module_preset=&#8220;default&#8220; global_colors_info=&#8220;{}&#8220;][\/et_pb_image][\/et_pb_column][et_pb_column type=&#8220;1_5&#8243; _builder_version=&#8220;4.20.0&#8243; _module_preset=&#8220;default&#8220; global_colors_info=&#8220;{}&#8220;][et_pb_image src=&#8220;https:\/\/www.ucimekvalitne.cz\/2023\/wp-content\/uploads\/2023\/03\/logo_Informacni-centrum-OSN.png&#8220; url=&#8220;https:\/\/osn.cz\/&#8220; url_new_window=&#8220;on&#8220; _builder_version=&#8220;4.20.0&#8243; _module_preset=&#8220;default&#8220; global_colors_info=&#8220;{}&#8220;][\/et_pb_image][\/et_pb_column][et_pb_column type=&#8220;1_5&#8243; _builder_version=&#8220;4.20.0&#8243; _module_preset=&#8220;default&#8220; global_colors_info=&#8220;{}&#8220;][\/et_pb_column][et_pb_column type=&#8220;1_5&#8243; _builder_version=&#8220;4.20.0&#8243; _module_preset=&#8220;default&#8220; global_colors_info=&#8220;{}&#8220;][\/et_pb_column][\/et_pb_row][\/et_pb_section]<\/p>\n","protected":false},"excerpt":{"rendered":"<p>11. ro\u010dn\u00edk konference\u00dasp\u011bch pro ka\u017ed\u00e9ho \u017e\u00e1ka 2023\u010cemu v\u011b\u0159\u00edme ve vzd\u011bl\u00e1v\u00e1n\u00ed25. dubna 2023Praha \/ Centrum sou\u010dasn\u00e9ho um\u011bn\u00ed DOX\u00a0 a ONLINEDo konference zb\u00fdv\u00e1:C\u00edl 1Reflektovat, na jak\u00fdch hodnot\u00e1ch, p\u0159esv\u011bd\u010den\u00edch a principech stoj\u00ed vzd\u011bl\u00e1v\u00e1n\u00ed v \u010desk\u00fdch \u0161kol\u00e1ch.C\u00edl 2Diskutovat o tom, \u010demu v\u0161ichni nap\u0159\u00ed\u010d vzd\u011bl\u00e1vac\u00edm syst\u00e9mem spole\u010dn\u011b v\u011b\u0159\u00edme a kde se v p\u0159esv\u011bd\u010den\u00edch rozch\u00e1z\u00edme.C\u00edl 3Porozum\u011bt, jak\u00fd to m\u00e1 vliv na [&hellip;]<\/p>\n","protected":false},"author":1,"featured_media":0,"parent":0,"menu_order":0,"comment_status":"closed","ping_status":"closed","template":"","meta":{"_et_pb_use_builder":"on","_et_pb_old_content":"","_et_gb_content_width":"","inline_featured_image":false,"footnotes":""},"class_list":["post-17","page","type-page","status-publish","hentry"],"_links":{"self":[{"href":"https:\/\/www.ucimekvalitne.cz\/2023\/wp-json\/wp\/v2\/pages\/17","targetHints":{"allow":["GET"]}}],"collection":[{"href":"https:\/\/www.ucimekvalitne.cz\/2023\/wp-json\/wp\/v2\/pages"}],"about":[{"href":"https:\/\/www.ucimekvalitne.cz\/2023\/wp-json\/wp\/v2\/types\/page"}],"author":[{"embeddable":true,"href":"https:\/\/www.ucimekvalitne.cz\/2023\/wp-json\/wp\/v2\/users\/1"}],"replies":[{"embeddable":true,"href":"https:\/\/www.ucimekvalitne.cz\/2023\/wp-json\/wp\/v2\/comments?post=17"}],"version-history":[{"count":10,"href":"https:\/\/www.ucimekvalitne.cz\/2023\/wp-json\/wp\/v2\/pages\/17\/revisions"}],"predecessor-version":[{"id":562,"href":"https:\/\/www.ucimekvalitne.cz\/2023\/wp-json\/wp\/v2\/pages\/17\/revisions\/562"}],"wp:attachment":[{"href":"https:\/\/www.ucimekvalitne.cz\/2023\/wp-json\/wp\/v2\/media?parent=17"}],"curies":[{"name":"wp","href":"https:\/\/api.w.org\/{rel}","templated":true}]}}